{"id":9688,"date":"2023-09-26T10:36:30","date_gmt":"2023-09-26T08:36:30","guid":{"rendered":"http:\/\/www.museosdemequinenza.com\/?page_id=9688"},"modified":"2023-09-26T10:56:51","modified_gmt":"2023-09-26T08:56:51","slug":"premio-de-investigacion-jesus-moncada","status":"publish","type":"page","link":"https:\/\/www.museosdemequinenza.com\/ca\/premio-de-investigacion-jesus-moncada\/","title":{"rendered":"premi d'investigaci\u00f3 Jesus Moncada"},"content":{"rendered":"<div data-elementor-type=\"wp-page\" data-elementor-id=\"9688\" class=\"elementor elementor-9688\">\n\t\t\t\t\t\t<section class=\"elementor-section elementor-top-section elementor-element elementor-element-357bf76 elementor-section-boxed elementor-section-height-default elementor-section-height-default\" data-id=\"357bf76\" data-element_type=\"section\" data-e-type=\"section\">\n\t\t\t\t\t\t<div class=\"elementor-container elementor-column-gap-default\">\n\t\t\t\t\t<div class=\"elementor-column elementor-col-100 elementor-top-column elementor-element elementor-element-3aa6ee9\" data-id=\"3aa6ee9\" data-element_type=\"column\" data-e-type=\"column\">\n\t\t\t<div class=\"elementor-widget-wrap elementor-element-populated\">\n\t\t\t\t\t\t<div class=\"elementor-element elementor-element-5c95a93 elementor-widget elementor-widget-image\" data-id=\"5c95a93\" data-element_type=\"widget\" data-e-type=\"widget\" data-widget_type=\"image.default\">\n\t\t\t\t<div class=\"elementor-widget-container\">\n\t\t\t\t\t\t\t\t\t\t\t\t\t\t\t<img fetchpriority=\"high\" decoding=\"async\" width=\"1140\" height=\"380\" src=\"https:\/\/www.museosdemequinenza.com\/wp-content\/uploads\/2023\/03\/pvmequinenza8-e1678819645925-1140x380.jpeg\" class=\"attachment-column1-1\/3 size-column1-1\/3 wp-image-8787\" alt=\"\" srcset=\"https:\/\/www.museosdemequinenza.com\/wp-content\/uploads\/2023\/03\/pvmequinenza8-e1678819645925-1140x380.jpeg 1140w, https:\/\/www.museosdemequinenza.com\/wp-content\/uploads\/2023\/03\/pvmequinenza8-e1678819645925-380x127.jpeg 380w\" sizes=\"(max-width: 1140px) 100vw, 1140px\" \/>\t\t\t\t\t\t\t\t\t\t\t\t\t\t\t<\/div>\n\t\t\t\t<\/div>\n\t\t\t\t<div class=\"elementor-element elementor-element-4c5f16c elementor-widget elementor-widget-text-editor\" data-id=\"4c5f16c\" data-element_type=\"widget\" data-e-type=\"widget\" data-widget_type=\"text-editor.default\">\n\t\t\t\t<div class=\"elementor-widget-container\">\n\t\t\t\t\t\t\t\t\t<p class=\"translation-block\">L' <a href=\"http:\/\/www.mequinenza.com\" target=\"_self\"><b>Ajuntament de Mequinensa<\/b><\/a>, a trav\u00e9s del <b><a href=\"http:\/\/www.cejesusmoncada.com\" target=\"_self\">Centre d'Estudis Jes\u00fas Moncada<\/a><\/b> i dels <b><a href=\"http:\/\/www.museosdemequinenza.com\/ca\/\" target=\"_self\">Museus de Mequinensa<\/a><\/b>, entenen que els premis <b>Jes\u00fas Moncada <\/b>s\u00f3n un suport a la posada en valor de la cultura i la hist\u00f2ria com a eines de recerca, desenvolupament i innovaci\u00f3 a partir del treball interdisciplinari i en la creen\u00e7a que tota societat que vol avan\u00e7ar ha de mirar el seu passat, prendre consci\u00e8ncia del present i projectar-se cap al futur.<\/p><p class=\"translation-block\">Conseq\u00fcentment, es convoca anualment el <b>Premi d'Invetigaci\u00f3Jes\u00fas Moncada<\/b>d'acord amb unes bases que el regiran i dedicat a la investigaci\u00f3 de la figura de l'escriptor mequinens\u00e0 ia l'univers literari i cultural de Mequinensa: historia, navegaci\u00f3, mineria, llengua, tradicions, costums, personatges il\u00b7lustres mequinensans\u2026<\/p>\t\t\t\t\t\t\t\t<\/div>\n\t\t\t\t<\/div>\n\t\t\t\t<section class=\"elementor-section elementor-inner-section elementor-element elementor-element-a7e8f79 elementor-section-boxed elementor-section-height-default elementor-section-height-default\" data-id=\"a7e8f79\" data-element_type=\"section\" data-e-type=\"section\">\n\t\t\t\t\t\t<div class=\"elementor-container elementor-column-gap-default\">\n\t\t\t\t\t<div class=\"elementor-column elementor-col-50 elementor-inner-column elementor-element elementor-element-2b98215\" data-id=\"2b98215\" data-element_type=\"column\" data-e-type=\"column\">\n\t\t\t<div class=\"elementor-widget-wrap elementor-element-populated\">\n\t\t\t\t\t\t<div class=\"elementor-element elementor-element-5fac996 elementor-arrows-position-inside elementor-widget elementor-widget-image-carousel\" data-id=\"5fac996\" data-element_type=\"widget\" data-e-type=\"widget\" data-settings=\"{&quot;slides_to_show&quot;:&quot;1&quot;,&quot;navigation&quot;:&quot;arrows&quot;,&quot;autoplay&quot;:&quot;yes&quot;,&quot;pause_on_hover&quot;:&quot;yes&quot;,&quot;pause_on_interaction&quot;:&quot;yes&quot;,&quot;autoplay_speed&quot;:5000,&quot;infinite&quot;:&quot;yes&quot;,&quot;effect&quot;:&quot;slide&quot;,&quot;speed&quot;:500}\" data-widget_type=\"image-carousel.default\">\n\t\t\t\t<div class=\"elementor-widget-container\">\n\t\t\t\t\t\t\t<div class=\"elementor-image-carousel-wrapper swiper\" role=\"region\" aria-roledescription=\"carousel\" aria-label=\"Carrusel de im\u00e1genes\" dir=\"ltr\">\n\t\t\t<div class=\"elementor-image-carousel swiper-wrapper\" aria-live=\"off\">\n\t\t\t\t\t\t\t\t<div class=\"swiper-slide\" role=\"group\" aria-roledescription=\"slide\" aria-label=\"1 de 6\"><figure class=\"swiper-slide-inner\"><img decoding=\"async\" class=\"swiper-slide-image\" src=\"https:\/\/www.museosdemequinenza.com\/wp-content\/uploads\/2023\/09\/IMG_5741-1536x1024-1-1024x683.jpg\" alt=\"IMG_5741-1536x1024\" \/><\/figure><\/div><div class=\"swiper-slide\" role=\"group\" aria-roledescription=\"slide\" aria-label=\"2 de 6\"><figure class=\"swiper-slide-inner\"><img decoding=\"async\" class=\"swiper-slide-image\" src=\"https:\/\/www.museosdemequinenza.com\/wp-content\/uploads\/2023\/09\/IMG_8136-1536x1024-1-1024x683.jpg\" alt=\"IMG_8136-1536x1024\" \/><\/figure><\/div><div class=\"swiper-slide\" role=\"group\" aria-roledescription=\"slide\" aria-label=\"3 de 6\"><figure class=\"swiper-slide-inner\"><img decoding=\"async\" class=\"swiper-slide-image\" src=\"https:\/\/www.museosdemequinenza.com\/wp-content\/uploads\/2023\/09\/IMG_8907-1536x1024-1-1024x683.jpg\" alt=\"IMG_8907-1536x1024\" \/><\/figure><\/div><div class=\"swiper-slide\" role=\"group\" aria-roledescription=\"slide\" aria-label=\"4 de 6\"><figure class=\"swiper-slide-inner\"><img decoding=\"async\" class=\"swiper-slide-image\" src=\"https:\/\/www.museosdemequinenza.com\/wp-content\/uploads\/2023\/09\/IMG_1221-1536x1024-1-1024x683.jpg\" alt=\"IMG_1221-1536x1024\" \/><\/figure><\/div><div class=\"swiper-slide\" role=\"group\" aria-roledescription=\"slide\" aria-label=\"5 de 6\"><figure class=\"swiper-slide-inner\"><img decoding=\"async\" class=\"swiper-slide-image\" src=\"https:\/\/www.museosdemequinenza.com\/wp-content\/uploads\/2023\/09\/IMG_1351-1536x1024-1-1024x683.jpg\" alt=\"IMG_1351-1536x1024\" \/><\/figure><\/div><div class=\"swiper-slide\" role=\"group\" aria-roledescription=\"slide\" aria-label=\"6 de 6\"><figure class=\"swiper-slide-inner\"><img decoding=\"async\" class=\"swiper-slide-image\" src=\"https:\/\/www.museosdemequinenza.com\/wp-content\/uploads\/2023\/09\/IMG_5591_1-1024x683.jpg\" alt=\"IMG_5591_1\" \/><\/figure><\/div>\t\t\t<\/div>\n\t\t\t\t\t\t\t\t\t\t\t\t<div class=\"elementor-swiper-button elementor-swiper-button-prev\" role=\"button\" tabindex=\"0\">\n\t\t\t\t\t\t<i aria-hidden=\"true\" class=\"eicon-chevron-left\"><\/i>\t\t\t\t\t<\/div>\n\t\t\t\t\t<div class=\"elementor-swiper-button elementor-swiper-button-next\" role=\"button\" tabindex=\"0\">\n\t\t\t\t\t\t<i aria-hidden=\"true\" class=\"eicon-chevron-right\"><\/i>\t\t\t\t\t<\/div>\n\t\t\t\t\n\t\t\t\t\t\t\t\t\t<\/div>\n\t\t\t\t\t\t<\/div>\n\t\t\t\t<\/div>\n\t\t\t\t\t<\/div>\n\t\t<\/div>\n\t\t\t\t<div class=\"elementor-column elementor-col-50 elementor-inner-column elementor-element elementor-element-0d50b8a\" data-id=\"0d50b8a\" data-element_type=\"column\" data-e-type=\"column\">\n\t\t\t<div class=\"elementor-widget-wrap elementor-element-populated\">\n\t\t\t\t\t\t<div class=\"elementor-element elementor-element-1d6c70e elementor-button-info elementor-widget elementor-widget-button\" data-id=\"1d6c70e\" data-element_type=\"widget\" data-e-type=\"widget\" data-widget_type=\"button.default\">\n\t\t\t\t<div class=\"elementor-widget-container\">\n\t\t\t\t\t\t\t\t\t<div class=\"elementor-button-wrapper\">\n\t\t\t\t\t<a class=\"elementor-button elementor-button-link elementor-size-sm\" href=\"http:\/\/mequinensa.es\/pdfs\/1680521913.pdf\">\n\t\t\t\t\t\t<span class=\"elementor-button-content-wrapper\">\n\t\t\t\t\t\t\t\t\t<span class=\"elementor-button-text\">Bases Premi Investigaci\u00f3 \"Jes\u00fas Moncada\" 2023<\/span>\n\t\t\t\t\t<\/span>\n\t\t\t\t\t<\/a>\n\t\t\t\t<\/div>\n\t\t\t\t\t\t\t\t<\/div>\n\t\t\t\t<\/div>\n\t\t\t\t<div class=\"elementor-element elementor-element-dddc947 elementor-widget elementor-widget-heading\" data-id=\"dddc947\" data-element_type=\"widget\" data-e-type=\"widget\" data-widget_type=\"heading.default\">\n\t\t\t\t<div class=\"elementor-widget-container\">\n\t\t\t\t\t<h2 class=\"elementor-heading-title elementor-size-default\">Palmar\u00e8s<\/h2>\t\t\t\t<\/div>\n\t\t\t\t<\/div>\n\t\t\t\t<div class=\"elementor-element elementor-element-8dfe189 elementor-widget elementor-widget-text-editor\" data-id=\"8dfe189\" data-element_type=\"widget\" data-e-type=\"widget\" data-widget_type=\"text-editor.default\">\n\t\t\t\t<div class=\"elementor-widget-container\">\n\t\t\t\t\t\t\t\t\t<p><b>Premio de Investigaci\u00f3n \u00abJes\u00fas Moncada\u00bb 2018<\/b><\/p><ul><li><a href=\"https:\/\/www.museosdemequinenza.com\/ca\/entregado-el-i-premio-de-investigacion-jesus-moncada\/\"><strong>Laura Farr\u00e9 Badia<\/strong>, \u201cL\u2019estil literari de Jes\u00fas Moncada a \u2018Estremida mem\u00f2ria\u2019: entre el catal\u00e0 normatiu i la llengua de Mequinensa\u00bb (ex-aequo)<\/a><\/li><li><a href=\"https:\/\/www.museosdemequinenza.com\/ca\/entregado-el-i-premio-de-investigacion-jesus-moncada\/\"><strong>Artur Garcia Fuster<\/strong>, \u00a0\u201cMem\u00f2ria, oralitat i ironia a la narrativa de Jes\u00fas Moncada\u201d (ex-aequo)<\/a><\/li><\/ul><p><b>Premio de Investigaci\u00f3n \u00abJes\u00fas Moncada\u00bb 2019<\/b><\/p><ul><li><a href=\"https:\/\/www.museosdemequinenza.com\/ca\/laura-farre-badia-ganadora-del-ii-premio-de-investigacion-jesus-moncada\/\"><strong>Laura Farr\u00e9 Badia,<\/strong> \u00a0\u201cLa comunicaci\u00f3 no verbal a \u2018Estremida memoria\u2019 de Jes\u00fas Moncada\u201d<\/a><\/li><\/ul><p><b>Premio de Investigaci\u00f3n \u00abJes\u00fas Moncada\u00bb 2020<\/b><\/p><ul><li><a href=\"https:\/\/www.museosdemequinenza.com\/ca\/jaime-arbiol-agne-gana-el-iii-premio-de-investigacion-jesus-moncada\/\"><strong>Jaume Arbiol Agn\u00e9,<\/strong> \u201cMequinensa 1808-1898: 90 anys del segle XIX\u201d<\/a><\/li><\/ul><p><b>Premio de Investigaci\u00f3n \u00abJes\u00fas Moncada\u00bb 2022<\/b><\/p><ul><li><a href=\"https:\/\/www.museosdemequinenza.com\/ca\/krisztina-nemes-recibe-el-v-premio-de-investigacion-jesus-moncada\/\"><strong>Krisztina Nemes,<\/strong> \u201c\u201cHist\u00f2ria i mem\u00f2ria al mite de Mequinensa. La hist\u00f2ria escrita a la novel\u00b7la de \u2018Cami de sirga\u2019 de Jes\u00fas Moncada\u201d<\/a><\/li><\/ul>\t\t\t\t\t\t\t\t<\/div>\n\t\t\t\t<\/div>\n\t\t\t\t\t<\/div>\n\t\t<\/div>\n\t\t\t\t\t<\/div>\n\t\t<\/section>\n\t\t\t\t\t<\/div>\n\t\t<\/div>\n\t\t\t\t\t<\/div>\n\t\t<\/section>\n\t\t\t\t<\/div>","protected":false},"excerpt":{"rendered":"<p>El Ayuntamiento de Mequinenza, a trav\u00e9s del Centro de Estudios Jes\u00fas Moncada y de los Museos de Mequinenza, entienden que los premios Jes\u00fas Moncada son un apoyo a la puesta en valor de la cultura y la historia como herramientas de investigaci\u00f3n, desarrollo e innovaci\u00f3n a partir del trabajo interdisciplinario y en la creencia de<\/p>\n<p><a href=\"https:\/\/www.museosdemequinenza.com\/ca\/premio-de-investigacion-jesus-moncada\/\" class=\"more-link themebutton\">Read More<\/a><\/p>","protected":false},"author":1,"featured_media":0,"parent":0,"menu_order":0,"comment_status":"closed","ping_status":"closed","template":"","meta":{"_monsterinsights_skip_tracking":false,"_monsterinsights_sitenote_active":false,"_monsterinsights_sitenote_note":"","_monsterinsights_sitenote_category":0,"footnotes":""},"class_list":["post-9688","page","type-page","status-publish","hentry"],"aioseo_notices":[],"_links":{"self":[{"href":"https:\/\/www.museosdemequinenza.com\/ca\/wp-json\/wp\/v2\/pages\/9688","targetHints":{"allow":["GET"]}}],"collection":[{"href":"https:\/\/www.museosdemequinenza.com\/ca\/wp-json\/wp\/v2\/pages"}],"about":[{"href":"https:\/\/www.museosdemequinenza.com\/ca\/wp-json\/wp\/v2\/types\/page"}],"author":[{"embeddable":true,"href":"https:\/\/www.museosdemequinenza.com\/ca\/wp-json\/wp\/v2\/users\/1"}],"replies":[{"embeddable":true,"href":"https:\/\/www.museosdemequinenza.com\/ca\/wp-json\/wp\/v2\/comments?post=9688"}],"version-history":[{"count":16,"href":"https:\/\/www.museosdemequinenza.com\/ca\/wp-json\/wp\/v2\/pages\/9688\/revisions"}],"predecessor-version":[{"id":9713,"href":"https:\/\/www.museosdemequinenza.com\/ca\/wp-json\/wp\/v2\/pages\/9688\/revisions\/9713"}],"wp:attachment":[{"href":"https:\/\/www.museosdemequinenza.com\/ca\/wp-json\/wp\/v2\/media?parent=9688"}],"curies":[{"name":"wp","href":"https:\/\/api.w.org\/{rel}","templated":true}]}}