{"id":951,"date":"2019-01-03T15:01:45","date_gmt":"2019-01-03T15:01:45","guid":{"rendered":"http:\/\/www.museosdemequinenza.com\/?page_id=951"},"modified":"2020-03-12T21:10:48","modified_gmt":"2020-03-12T21:10:48","slug":"museos-de-mequinenza","status":"publish","type":"page","link":"https:\/\/www.museosdemequinenza.com\/ca\/museos-de-mequinenza\/","title":{"rendered":"MUSEUS DE MEQUINENSA"},"content":{"rendered":"<div data-elementor-type=\"wp-post\" data-elementor-id=\"951\" class=\"elementor elementor-951\">\n\t\t\t\t\t\t<section class=\"elementor-section elementor-top-section elementor-element elementor-element-4bb19f6 elementor-section-boxed elementor-section-height-default elementor-section-height-default\" data-id=\"4bb19f6\" data-element_type=\"section\" data-e-type=\"section\">\n\t\t\t\t\t\t<div class=\"elementor-container elementor-column-gap-default\">\n\t\t\t\t\t<div class=\"elementor-column elementor-col-100 elementor-top-column elementor-element elementor-element-131ec5b\" data-id=\"131ec5b\" data-element_type=\"column\" data-e-type=\"column\">\n\t\t\t<div class=\"elementor-widget-wrap elementor-element-populated\">\n\t\t\t\t\t\t<div class=\"elementor-element elementor-element-59dde00 elementor-widget elementor-widget-image\" data-id=\"59dde00\" data-element_type=\"widget\" data-e-type=\"widget\" data-widget_type=\"image.default\">\n\t\t\t\t<div class=\"elementor-widget-container\">\n\t\t\t\t\t\t\t\t\t\t\t\t\t\t\t<img fetchpriority=\"high\" decoding=\"async\" width=\"1140\" height=\"380\" src=\"https:\/\/www.museosdemequinenza.com\/wp-content\/uploads\/2019\/01\/Museos_de_Mequinenza1-e1547025421386-1140x380.jpg\" class=\"attachment-column1-1\/3 size-column1-1\/3 wp-image-1028\" alt=\"\" srcset=\"https:\/\/www.museosdemequinenza.com\/wp-content\/uploads\/2019\/01\/Museos_de_Mequinenza1-e1547025421386-1140x380.jpg 1140w, https:\/\/www.museosdemequinenza.com\/wp-content\/uploads\/2019\/01\/Museos_de_Mequinenza1-e1547025421386-380x127.jpg 380w\" sizes=\"(max-width: 1140px) 100vw, 1140px\" \/>\t\t\t\t\t\t\t\t\t\t\t\t\t\t\t<\/div>\n\t\t\t\t<\/div>\n\t\t\t\t\t<\/div>\n\t\t<\/div>\n\t\t\t\t\t<\/div>\n\t\t<\/section>\n\t\t\t\t<section class=\"elementor-section elementor-top-section elementor-element elementor-element-d8cb0d1 elementor-section-boxed elementor-section-height-default elementor-section-height-default\" data-id=\"d8cb0d1\" data-element_type=\"section\" data-e-type=\"section\">\n\t\t\t\t\t\t<div class=\"elementor-container elementor-column-gap-default\">\n\t\t\t\t\t<div class=\"elementor-column elementor-col-100 elementor-top-column elementor-element elementor-element-55a36ab\" data-id=\"55a36ab\" data-element_type=\"column\" data-e-type=\"column\">\n\t\t\t<div class=\"elementor-widget-wrap elementor-element-populated\">\n\t\t\t\t\t\t<section class=\"elementor-section elementor-inner-section elementor-element elementor-element-62961dd elementor-section-boxed elementor-section-height-default elementor-section-height-default\" data-id=\"62961dd\" data-element_type=\"section\" data-e-type=\"section\">\n\t\t\t\t\t\t<div class=\"elementor-container elementor-column-gap-default\">\n\t\t\t\t\t<div class=\"elementor-column elementor-col-50 elementor-inner-column elementor-element elementor-element-59bcc42\" data-id=\"59bcc42\" data-element_type=\"column\" data-e-type=\"column\">\n\t\t\t<div class=\"elementor-widget-wrap elementor-element-populated\">\n\t\t\t\t\t\t<div class=\"elementor-element elementor-element-2d64383 elementor-widget elementor-widget-heading\" data-id=\"2d64383\" data-element_type=\"widget\" data-e-type=\"widget\" data-widget_type=\"heading.default\">\n\t\t\t\t<div class=\"elementor-widget-container\">\n\t\t\t\t\t<h2 class=\"elementor-heading-title elementor-size-default\">Presentaci\u00f3 i Missi\u00f3<\/h2>\t\t\t\t<\/div>\n\t\t\t\t<\/div>\n\t\t\t\t\t<\/div>\n\t\t<\/div>\n\t\t\t\t<div class=\"elementor-column elementor-col-50 elementor-inner-column elementor-element elementor-element-6802843\" data-id=\"6802843\" data-element_type=\"column\" data-e-type=\"column\">\n\t\t\t<div class=\"elementor-widget-wrap\">\n\t\t\t\t\t\t\t<\/div>\n\t\t<\/div>\n\t\t\t\t\t<\/div>\n\t\t<\/section>\n\t\t\t\t<div class=\"elementor-element elementor-element-c12f5b0 elementor-widget elementor-widget-text-editor\" data-id=\"c12f5b0\" data-element_type=\"widget\" data-e-type=\"widget\" data-widget_type=\"text-editor.default\">\n\t\t\t\t<div class=\"elementor-widget-container\">\n\t\t\t\t\t\t\t\t\t<p>L'any 2010 s'inauguraven els <b>Museus de Mequinensa<\/b>, un projecte amb vocaci\u00f3 de futur que t\u00e9 la missi\u00f3 de\u00a0<span style=\"font-size: 16px;\">conservar, investigar, estudiar, exhibir i difondre el patrimoni miner, hist\u00f2ric i cultural de <b>Mequinensa<\/b>\u00a0als visitants i a les generacions futures. Els <strong>Museus de Mequinensa<\/strong> estan compostos per quatre estructures: el <a href=\"https:\/\/www.museosdemequinenza.com\/ca\/museo-de-la-mina\/\" target=\"_blank\" rel=\"noopener\">Museu de la Mina<\/a>, el <a href=\"https:\/\/www.museosdemequinenza.com\/ca\/museo-de-la-historia\/\">Museu de la Hist\u00f2ria de Mequinensa<\/a>, el <a href=\"https:\/\/www.museosdemequinenza.com\/ca\/museo-del-pasado-prehistorico\/\">Museu del Passat Prehist\u00f2ric<\/a> i el <a href=\"https:\/\/www.museosdemequinenza.com\/ca\/pueblo-viejo-de-mequinenza\/\">Poble Vell de Mequinensa<\/a>.\u00a0<\/span><\/p><p><span style=\"font-family: Roboto, sans-serif; font-size: 16px; font-style: normal; font-weight: 400;\">El projecte pren forma en el Grup Escolar Maria Quintana, antigues escoles de la poblaci\u00f3 i un dels pocs edificis supervivents de l'enderroc del\u00a0<\/span><a style=\"background-color: #ffffff; font-family: Roboto, sans-serif; font-size: 16px; font-style: normal; font-weight: 400;\" href=\"https:\/\/www.museosdemequinenza.com\/ca\/pueblo-viejo-de-mequinenza\/\">Poble Vell<\/a><span style=\"font-family: Roboto, sans-serif; font-size: 16px; font-style: normal; font-weight: 400;\">\u00a0sota les aig\u00fces del riu Ebre. Es tracta d'un edifici emblem\u00e0tic constru\u00eft el 1927 de cadirat, coberta a quatre aig\u00fces de teula \u00e0rab i r\u00e0fec de fusta ressaltat l'estil dels palaus renaixentistes aragonesos, entrant en contacte amb els corrents regionalistes de l'arquitectura del primer ter\u00e7 del segle XX.<\/span><span style=\"font-size: 16px;\"><br \/><\/span><\/p><p><span style=\"font-size: 16px;\">Un any despr\u00e9s de la seva inauguraci\u00f3 el 2010, els carrers del <a href=\"https:\/\/www.museosdemequinenza.com\/ca\/pueblo-viejo-de-mequinenza\/\">Poble Vell de Mequinensa<\/a> van tornar a veure la llum despr\u00e9s de quedar sepultades i negades per la construcci\u00f3 de l'embassament de Riba-roja. D'aquesta manera, es consolidava el projecte de recuperaci\u00f3 dels antics tra\u00e7ats dels carrers del nucli urb\u00e0 aix\u00ed com alguns llocs emblem\u00e0tics com la casa natal de l'escriptor mequinens\u00e0 Jes\u00fas Moncada, l'Esgl\u00e9sia i la pla\u00e7a d'Armes. Des de llavors s'inicien diferents projectes com, per exemple, les rutes liter\u00e0ries per l'antiga vila recorrent els escenaris de les novel\u00b7les de l'escriptor Jes\u00fas Moncada.\u00a0<\/span><span style=\"font-size: 16px;\">A partir de 2017, els <\/span><strong style=\"font-size: 16px;\">Museus de Mequinensa<\/strong><span style=\"font-size: 16px;\"> tamb\u00e9 s\u00f3n els encarregats de realitzar visites guiades al <\/span><a style=\"font-size: 16px; background-color: white;\" href=\"https:\/\/www.museosdemequinenza.com\/ca\/castillo-de-mequinenza\/\">Castell de Mequinensa<\/a><span style=\"font-size: 16px;\">, ampliant la seva oferta tur\u00edstica per als nous visitants.<\/span><\/p><p><span style=\"font-size: 16px;\">En 2019, los <\/span><b style=\"font-family: inherit; font-style: inherit;\">Museus de Mequinensa<\/b><span style=\"font-size: 16px;\"> acogieron a m\u00e1s de 6.700 visitantes en un lugar que ya se ha convertido en un punto de referencia cultural e hist\u00f3rico de la localidad.<\/span><\/p>\t\t\t\t\t\t\t\t<\/div>\n\t\t\t\t<\/div>\n\t\t\t\t<section class=\"elementor-section elementor-inner-section elementor-element elementor-element-3173531 elementor-section-boxed elementor-section-height-default elementor-section-height-default\" data-id=\"3173531\" data-element_type=\"section\" data-e-type=\"section\">\n\t\t\t\t\t\t<div class=\"elementor-container elementor-column-gap-default\">\n\t\t\t\t\t<div class=\"elementor-column elementor-col-50 elementor-inner-column elementor-element elementor-element-5ae8ddc\" data-id=\"5ae8ddc\" data-element_type=\"column\" data-e-type=\"column\">\n\t\t\t<div class=\"elementor-widget-wrap elementor-element-populated\">\n\t\t\t\t\t\t<div class=\"elementor-element elementor-element-e21b058 elementor-position-left elementor-vertical-align-top elementor-widget elementor-widget-image-box\" data-id=\"e21b058\" data-element_type=\"widget\" data-e-type=\"widget\" data-widget_type=\"image-box.default\">\n\t\t\t\t<div class=\"elementor-widget-container\">\n\t\t\t\t\t<div class=\"elementor-image-box-wrapper\"><figure class=\"elementor-image-box-img\"><a href=\"https:\/\/www.museosdemequinenza.com\/ca\/museo-de-la-mina\/\" tabindex=\"-1\"><img decoding=\"async\" width=\"150\" height=\"150\" src=\"https:\/\/www.museosdemequinenza.com\/wp-content\/uploads\/2017\/01\/IMG_8226-150x150.jpg\" class=\"attachment-thumbnail size-thumbnail wp-image-42\" alt=\"\" \/><\/a><\/figure><div class=\"elementor-image-box-content\"><h3 class=\"elementor-image-box-title\"><a href=\"https:\/\/www.museosdemequinenza.com\/ca\/museo-de-la-mina\/\">Museu de la Mina<\/a><\/h3><p class=\"elementor-image-box-description\">Agafa el teu casc i viu una apassionant aventura minera en primera persona!<\/p><\/div><\/div>\t\t\t\t<\/div>\n\t\t\t\t<\/div>\n\t\t\t\t<div class=\"elementor-element elementor-element-8817d21 elementor-position-left elementor-vertical-align-top elementor-widget elementor-widget-image-box\" data-id=\"8817d21\" data-element_type=\"widget\" data-e-type=\"widget\" data-widget_type=\"image-box.default\">\n\t\t\t\t<div class=\"elementor-widget-container\">\n\t\t\t\t\t<div class=\"elementor-image-box-wrapper\"><figure class=\"elementor-image-box-img\"><a href=\"https:\/\/www.museosdemequinenza.com\/ca\/museo-del-pasado-prehistorico\/\" tabindex=\"-1\"><img decoding=\"async\" width=\"150\" height=\"150\" src=\"https:\/\/www.museosdemequinenza.com\/wp-content\/uploads\/2019\/01\/Museo-del-Pasado-Prehisto\u0301rico-150x150.jpg\" class=\"attachment-thumbnail size-thumbnail wp-image-955\" alt=\"\" srcset=\"https:\/\/www.museosdemequinenza.com\/wp-content\/uploads\/2019\/01\/Museo-del-Pasado-Prehisto\u0301rico-150x150.jpg 150w, https:\/\/www.museosdemequinenza.com\/wp-content\/uploads\/2019\/01\/Museo-del-Pasado-Prehisto\u0301rico-570x570.jpg 570w, https:\/\/www.museosdemequinenza.com\/wp-content\/uploads\/2019\/01\/Museo-del-Pasado-Prehisto\u0301rico-380x380.jpg 380w, https:\/\/www.museosdemequinenza.com\/wp-content\/uploads\/2019\/01\/Museo-del-Pasado-Prehisto\u0301rico-285x285.jpg 285w\" sizes=\"(max-width: 150px) 100vw, 150px\" \/><\/a><\/figure><div class=\"elementor-image-box-content\"><h3 class=\"elementor-image-box-title\"><a href=\"https:\/\/www.museosdemequinenza.com\/ca\/museo-del-pasado-prehistorico\/\">Museu del Passat Prehist\u00f2ric<\/a><\/h3><p class=\"elementor-image-box-description\">Descobreix als nostres avantpassats m\u00e9s prehist\u00f2rics en un espai-taller.<\/p><\/div><\/div>\t\t\t\t<\/div>\n\t\t\t\t<\/div>\n\t\t\t\t<div class=\"elementor-element elementor-element-53b96cc elementor-position-left elementor-vertical-align-top elementor-widget elementor-widget-image-box\" data-id=\"53b96cc\" data-element_type=\"widget\" data-e-type=\"widget\" data-widget_type=\"image-box.default\">\n\t\t\t\t<div class=\"elementor-widget-container\">\n\t\t\t\t\t<div class=\"elementor-image-box-wrapper\"><figure class=\"elementor-image-box-img\"><a href=\"https:\/\/www.museosdemequinenza.com\/ca\/castillo-de-mequinenza\/\" tabindex=\"-1\"><img loading=\"lazy\" decoding=\"async\" width=\"150\" height=\"150\" src=\"https:\/\/www.museosdemequinenza.com\/wp-content\/uploads\/2019\/01\/CASTILLO-MEQUINENZA-EXTERIOR-150x150.jpg\" class=\"attachment-thumbnail size-thumbnail wp-image-888\" alt=\"\" srcset=\"https:\/\/www.museosdemequinenza.com\/wp-content\/uploads\/2019\/01\/CASTILLO-MEQUINENZA-EXTERIOR-150x150.jpg 150w, https:\/\/www.museosdemequinenza.com\/wp-content\/uploads\/2019\/01\/CASTILLO-MEQUINENZA-EXTERIOR-570x570.jpg 570w, https:\/\/www.museosdemequinenza.com\/wp-content\/uploads\/2019\/01\/CASTILLO-MEQUINENZA-EXTERIOR-380x380.jpg 380w, https:\/\/www.museosdemequinenza.com\/wp-content\/uploads\/2019\/01\/CASTILLO-MEQUINENZA-EXTERIOR-285x285.jpg 285w\" sizes=\"(max-width: 150px) 100vw, 150px\" \/><\/a><\/figure><div class=\"elementor-image-box-content\"><h3 class=\"elementor-image-box-title\"><a href=\"https:\/\/www.museosdemequinenza.com\/ca\/castillo-de-mequinenza\/\">Castell de Mequinensa<\/a><\/h3><p class=\"elementor-image-box-description\">Gaudeix de setges i batalles amb les nostres visites guiades gratu\u00eftes.<\/p><\/div><\/div>\t\t\t\t<\/div>\n\t\t\t\t<\/div>\n\t\t\t\t\t<\/div>\n\t\t<\/div>\n\t\t\t\t<div class=\"elementor-column elementor-col-50 elementor-inner-column elementor-element elementor-element-f3c7853\" data-id=\"f3c7853\" data-element_type=\"column\" data-e-type=\"column\">\n\t\t\t<div class=\"elementor-widget-wrap elementor-element-populated\">\n\t\t\t\t\t\t<div class=\"elementor-element elementor-element-037c347 elementor-position-left elementor-vertical-align-top elementor-widget elementor-widget-image-box\" data-id=\"037c347\" data-element_type=\"widget\" data-e-type=\"widget\" data-widget_type=\"image-box.default\">\n\t\t\t\t<div class=\"elementor-widget-container\">\n\t\t\t\t\t<div class=\"elementor-image-box-wrapper\"><figure class=\"elementor-image-box-img\"><a href=\"https:\/\/www.museosdemequinenza.com\/ca\/museo-de-la-historia\/\" tabindex=\"-1\"><img loading=\"lazy\" decoding=\"async\" width=\"150\" height=\"150\" src=\"https:\/\/www.museosdemequinenza.com\/wp-content\/uploads\/2018\/05\/History-Museum-Mequinenza-e1546534413642-150x150.jpg\" class=\"attachment-thumbnail size-thumbnail wp-image-521\" alt=\"\" srcset=\"https:\/\/www.museosdemequinenza.com\/wp-content\/uploads\/2018\/05\/History-Museum-Mequinenza-e1546534413642-150x150.jpg 150w, https:\/\/www.museosdemequinenza.com\/wp-content\/uploads\/2018\/05\/History-Museum-Mequinenza-e1546534413642-570x570.jpg 570w, https:\/\/www.museosdemequinenza.com\/wp-content\/uploads\/2018\/05\/History-Museum-Mequinenza-e1546534413642-380x380.jpg 380w, https:\/\/www.museosdemequinenza.com\/wp-content\/uploads\/2018\/05\/History-Museum-Mequinenza-e1546534413642-285x285.jpg 285w\" sizes=\"(max-width: 150px) 100vw, 150px\" \/><\/a><\/figure><div class=\"elementor-image-box-content\"><h3 class=\"elementor-image-box-title\"><a href=\"https:\/\/www.museosdemequinenza.com\/ca\/museo-de-la-historia\/\">Museu de la Hist\u00f2ria de Mequinensa<\/a><\/h3><p class=\"elementor-image-box-description\">Experimenta la hist\u00f2ria de Mequinensa amb nosaltres.<\/p><\/div><\/div>\t\t\t\t<\/div>\n\t\t\t\t<\/div>\n\t\t\t\t<div class=\"elementor-element elementor-element-3295232 elementor-position-left elementor-vertical-align-top elementor-widget elementor-widget-image-box\" data-id=\"3295232\" data-element_type=\"widget\" data-e-type=\"widget\" data-widget_type=\"image-box.default\">\n\t\t\t\t<div class=\"elementor-widget-container\">\n\t\t\t\t\t<div class=\"elementor-image-box-wrapper\"><figure class=\"elementor-image-box-img\"><a href=\"https:\/\/www.museosdemequinenza.com\/ca\/pueblo-viejo-de-mequinenza\/\" tabindex=\"-1\"><img loading=\"lazy\" decoding=\"async\" width=\"150\" height=\"150\" src=\"https:\/\/www.museosdemequinenza.com\/wp-content\/uploads\/2019\/01\/poble-vell-panoramica-150x150.jpg\" class=\"attachment-thumbnail size-thumbnail wp-image-956\" alt=\"\" srcset=\"https:\/\/www.museosdemequinenza.com\/wp-content\/uploads\/2019\/01\/poble-vell-panoramica-150x150.jpg 150w, https:\/\/www.museosdemequinenza.com\/wp-content\/uploads\/2019\/01\/poble-vell-panoramica-380x380.jpg 380w, https:\/\/www.museosdemequinenza.com\/wp-content\/uploads\/2019\/01\/poble-vell-panoramica-285x285.jpg 285w\" sizes=\"(max-width: 150px) 100vw, 150px\" \/><\/a><\/figure><div class=\"elementor-image-box-content\"><h3 class=\"elementor-image-box-title\"><a href=\"https:\/\/www.museosdemequinenza.com\/ca\/pueblo-viejo-de-mequinenza\/\">Poble Vell de Mequinensa<\/a><\/h3><p class=\"elementor-image-box-description\">Reviu l'ess\u00e8ncia d'un poble desaparegut sota les aig\u00fces del riu Ebre.<\/p><\/div><\/div>\t\t\t\t<\/div>\n\t\t\t\t<\/div>\n\t\t\t\t<div class=\"elementor-element elementor-element-0cc5a4c elementor-position-left elementor-vertical-align-top elementor-widget elementor-widget-image-box\" data-id=\"0cc5a4c\" data-element_type=\"widget\" data-e-type=\"widget\" data-widget_type=\"image-box.default\">\n\t\t\t\t<div class=\"elementor-widget-container\">\n\t\t\t\t\t<div class=\"elementor-image-box-wrapper\"><figure class=\"elementor-image-box-img\"><a href=\"https:\/\/www.museosdemequinenza.com\/ca\/albergue-cami-de-sirga\/\" tabindex=\"-1\"><img loading=\"lazy\" decoding=\"async\" width=\"150\" height=\"150\" src=\"https:\/\/www.museosdemequinenza.com\/wp-content\/uploads\/2017\/02\/albergue1-150x150.jpg\" class=\"attachment-thumbnail size-thumbnail wp-image-156\" alt=\"\" \/><\/a><\/figure><div class=\"elementor-image-box-content\"><h3 class=\"elementor-image-box-title\"><a href=\"https:\/\/www.museosdemequinenza.com\/ca\/albergue-cami-de-sirga\/\">Alberg Municipal \"Cam\u00ed de Sirga\"<\/a><\/h3><p class=\"elementor-image-box-description\">Descansa i gaudeix en un alberg situat a la vora de tres rius.<\/p><\/div><\/div>\t\t\t\t<\/div>\n\t\t\t\t<\/div>\n\t\t\t\t\t<\/div>\n\t\t<\/div>\n\t\t\t\t\t<\/div>\n\t\t<\/section>\n\t\t\t\t<div class=\"elementor-element elementor-element-ca96c8f elementor-shape-rounded elementor-grid-0 e-grid-align-center elementor-widget elementor-widget-social-icons\" data-id=\"ca96c8f\" data-element_type=\"widget\" data-e-type=\"widget\" data-widget_type=\"social-icons.default\">\n\t\t\t\t<div class=\"elementor-widget-container\">\n\t\t\t\t\t\t\t<div class=\"elementor-social-icons-wrapper elementor-grid\" role=\"list\">\n\t\t\t\t\t\t\t<span class=\"elementor-grid-item\" role=\"listitem\">\n\t\t\t\t\t<a class=\"elementor-icon elementor-social-icon elementor-social-icon-facebook elementor-repeater-item-cb06293\" href=\"https:\/\/www.facebook.com\/MuseosdeMequinenza\" target=\"_blank\">\n\t\t\t\t\t\t<span class=\"elementor-screen-only\">Facebook<\/span>\n\t\t\t\t\t\t\t\t\t\t\t\t\t<i class=\"fa fa-facebook\" aria-hidden=\"true\"><\/i>\n\t\t\t\t\t\t\t\t\t\t\t<\/a>\n\t\t\t\t<\/span>\n\t\t\t\t\t\t\t<span class=\"elementor-grid-item\" role=\"listitem\">\n\t\t\t\t\t<a class=\"elementor-icon elementor-social-icon elementor-social-icon-twitter elementor-repeater-item-6269d6c\" href=\"https:\/\/twitter.com\/museomequinenza\" target=\"_blank\">\n\t\t\t\t\t\t<span class=\"elementor-screen-only\">Twitter<\/span>\n\t\t\t\t\t\t\t\t\t\t\t\t\t<i class=\"fa fa-twitter\" aria-hidden=\"true\"><\/i>\n\t\t\t\t\t\t\t\t\t\t\t<\/a>\n\t\t\t\t<\/span>\n\t\t\t\t\t\t\t<span class=\"elementor-grid-item\" role=\"listitem\">\n\t\t\t\t\t<a class=\"elementor-icon elementor-social-icon elementor-social-icon-youtube elementor-repeater-item-7c64c1c\" href=\"https:\/\/www.youtube.com\/channel\/UC1WhAGRfn8YICkw3sNMPvsw\" target=\"_blank\">\n\t\t\t\t\t\t<span class=\"elementor-screen-only\">Youtube<\/span>\n\t\t\t\t\t\t\t\t\t\t\t\t\t<i class=\"fa fa-youtube\" aria-hidden=\"true\"><\/i>\n\t\t\t\t\t\t\t\t\t\t\t<\/a>\n\t\t\t\t<\/span>\n\t\t\t\t\t\t\t<span class=\"elementor-grid-item\" role=\"listitem\">\n\t\t\t\t\t<a class=\"elementor-icon elementor-social-icon elementor-social-icon-instagram elementor-repeater-item-a246137\" href=\"https:\/\/www.instagram.com\/museusdemequinensa\/\" target=\"_blank\">\n\t\t\t\t\t\t<span class=\"elementor-screen-only\">Instagram<\/span>\n\t\t\t\t\t\t\t\t\t\t\t\t\t<i class=\"fa fa-instagram\" aria-hidden=\"true\"><\/i>\n\t\t\t\t\t\t\t\t\t\t\t<\/a>\n\t\t\t\t<\/span>\n\t\t\t\t\t<\/div>\n\t\t\t\t\t\t<\/div>\n\t\t\t\t<\/div>\n\t\t\t\t<div class=\"elementor-element elementor-element-85766aa elementor-view-default elementor-widget elementor-widget-icon\" data-id=\"85766aa\" data-element_type=\"widget\" data-e-type=\"widget\" data-widget_type=\"icon.default\">\n\t\t\t\t<div class=\"elementor-widget-container\">\n\t\t\t\t\t\t\t<div class=\"elementor-icon-wrapper\">\n\t\t\t<div class=\"elementor-icon\">\n\t\t\t<i aria-hidden=\"true\" class=\"fas fa-star\"><\/i>\t\t\t<\/div>\n\t\t<\/div>\n\t\t\t\t\t\t<\/div>\n\t\t\t\t<\/div>\n\t\t\t\t\t<\/div>\n\t\t<\/div>\n\t\t\t\t\t<\/div>\n\t\t<\/section>\n\t\t\t\t<\/div>","protected":false},"excerpt":{"rendered":"<p>Presentaci\u00f3n y Misi\u00f3n En el a\u00f1o 2010 se inauguraban los Museos de Mequinenza, un proyecto con vocaci\u00f3n de futuro que tiene la misi\u00f3n de\u00a0conservar, investigar, estudiar, exhibir y difundir el patrimonio minero, hist\u00f3rico y cultural de Mequinenza\u00a0a los visitantes y a las generaciones futuras. Los Museos de Mequinenza est\u00e1n compuestos por cuatro estructuras: el Museo<\/p>\n<p><a href=\"https:\/\/www.museosdemequinenza.com\/ca\/museos-de-mequinenza\/\" class=\"more-link themebutton\">Read More<\/a><\/p>","protected":false},"author":1,"featured_media":0,"parent":0,"menu_order":0,"comment_status":"closed","ping_status":"closed","template":"","meta":{"_monsterinsights_skip_tracking":false,"_monsterinsights_sitenote_active":false,"_monsterinsights_sitenote_note":"","_monsterinsights_sitenote_category":0,"footnotes":""},"class_list":["post-951","page","type-page","status-publish","hentry"],"aioseo_notices":[],"_links":{"self":[{"href":"https:\/\/www.museosdemequinenza.com\/ca\/wp-json\/wp\/v2\/pages\/951","targetHints":{"allow":["GET"]}}],"collection":[{"href":"https:\/\/www.museosdemequinenza.com\/ca\/wp-json\/wp\/v2\/pages"}],"about":[{"href":"https:\/\/www.museosdemequinenza.com\/ca\/wp-json\/wp\/v2\/types\/page"}],"author":[{"embeddable":true,"href":"https:\/\/www.museosdemequinenza.com\/ca\/wp-json\/wp\/v2\/users\/1"}],"replies":[{"embeddable":true,"href":"https:\/\/www.museosdemequinenza.com\/ca\/wp-json\/wp\/v2\/comments?post=951"}],"version-history":[{"count":8,"href":"https:\/\/www.museosdemequinenza.com\/ca\/wp-json\/wp\/v2\/pages\/951\/revisions"}],"predecessor-version":[{"id":3202,"href":"https:\/\/www.museosdemequinenza.com\/ca\/wp-json\/wp\/v2\/pages\/951\/revisions\/3202"}],"wp:attachment":[{"href":"https:\/\/www.museosdemequinenza.com\/ca\/wp-json\/wp\/v2\/media?parent=951"}],"curies":[{"name":"wp","href":"https:\/\/api.w.org\/{rel}","templated":true}]}}