{"id":11946,"date":"2025-02-28T10:33:30","date_gmt":"2025-02-28T08:33:30","guid":{"rendered":"https:\/\/www.museosdemequinenza.com\/?page_id=11946"},"modified":"2025-03-04T12:46:53","modified_gmt":"2025-03-04T10:46:53","slug":"la-mineria-en-mequinenza","status":"publish","type":"page","link":"https:\/\/www.museosdemequinenza.com\/ca\/la-mineria-en-mequinenza\/","title":{"rendered":"La Mineria a Mequinensa: Hist\u00f2ria, Explotaci\u00f3 i Patrimoni Miner"},"content":{"rendered":"<div data-elementor-type=\"wp-page\" data-elementor-id=\"11946\" class=\"elementor elementor-11946\">\n\t\t\t\t\t\t<section class=\"elementor-section elementor-top-section elementor-element elementor-element-ebacf3e elementor-section-boxed elementor-section-height-default elementor-section-height-default\" data-id=\"ebacf3e\" data-element_type=\"section\" data-e-type=\"section\">\n\t\t\t\t\t\t<div class=\"elementor-container elementor-column-gap-default\">\n\t\t\t\t\t<div class=\"elementor-column elementor-col-100 elementor-top-column elementor-element elementor-element-2a4bb397\" data-id=\"2a4bb397\" data-element_type=\"column\" data-e-type=\"column\">\n\t\t\t<div class=\"elementor-widget-wrap elementor-element-populated\">\n\t\t\t\t\t\t<div class=\"elementor-element elementor-element-a24f66a elementor-widget elementor-widget-text-editor\" data-id=\"a24f66a\" data-element_type=\"widget\" data-e-type=\"widget\" data-widget_type=\"text-editor.default\">\n\t\t\t\t<div class=\"elementor-widget-container\">\n\t\t\t\t\t\t\t\t\t<p data-pm-slice=\"1 1 []\">La hist\u00f2ria de Mequinensa est\u00e0 profundament vinculada a la mineria del carb\u00f3, una activitat que va marcar el seu desenvolupament econ\u00f2mic i social. El Museu de la Mina de Mequinenza permet endinsar-se en aquesta hist\u00f2ria i descobrir els secrets de l'extracci\u00f3 del llignit a la Conca Minera de Mequinensa.<\/p><h2>Caracter\u00edstiques Geol\u00f2giques<\/h2><div><p data-pm-slice=\"1 1 []\">La conca es troba a la Depressi\u00f3 Geol\u00f2gica de l'Ebre, amb nivells de lignit situats a la Formaci\u00f3 Mequinensa, datats entre l'Oligoc\u00e8 i el Mioc\u00e8. L'explotaci\u00f3 es facilitava per la disposici\u00f3 subhoritzontal de les capes, tot i que el seu espessor, que oscil\u00b7la entre els 0,4 i 1 metre, dificultava el treball dels miners.<\/p><\/div>\t\t\t\t\t\t\t\t<\/div>\n\t\t\t\t<\/div>\n\t\t\t\t<section class=\"elementor-section elementor-inner-section elementor-element elementor-element-d2cbdde elementor-section-boxed elementor-section-height-default elementor-section-height-default\" data-id=\"d2cbdde\" data-element_type=\"section\" data-e-type=\"section\">\n\t\t\t\t\t\t<div class=\"elementor-container elementor-column-gap-default\">\n\t\t\t\t\t<div class=\"elementor-column elementor-col-50 elementor-inner-column elementor-element elementor-element-23f434e\" data-id=\"23f434e\" data-element_type=\"column\" data-e-type=\"column\">\n\t\t\t<div class=\"elementor-widget-wrap elementor-element-populated\">\n\t\t\t\t\t\t<div class=\"elementor-element elementor-element-8b25985 elementor-widget elementor-widget-image\" data-id=\"8b25985\" data-element_type=\"widget\" data-e-type=\"widget\" data-widget_type=\"image.default\">\n\t\t\t\t<div class=\"elementor-widget-container\">\n\t\t\t\t\t\t\t\t\t\t\t\t\t\t\t<img fetchpriority=\"high\" decoding=\"async\" width=\"1024\" height=\"576\" src=\"https:\/\/www.museosdemequinenza.com\/wp-content\/uploads\/2024\/06\/WhatsApp-Image-2024-01-10-at-10.18.39-e1718966663672-1024x576.jpeg\" class=\"attachment-large size-large wp-image-10907\" alt=\"\" srcset=\"https:\/\/www.museosdemequinenza.com\/wp-content\/uploads\/2024\/06\/WhatsApp-Image-2024-01-10-at-10.18.39-e1718966663672-1024x576.jpeg 1024w, https:\/\/www.museosdemequinenza.com\/wp-content\/uploads\/2024\/06\/WhatsApp-Image-2024-01-10-at-10.18.39-e1718966663672-300x169.jpeg 300w, https:\/\/www.museosdemequinenza.com\/wp-content\/uploads\/2024\/06\/WhatsApp-Image-2024-01-10-at-10.18.39-e1718966663672-768x432.jpeg 768w, https:\/\/www.museosdemequinenza.com\/wp-content\/uploads\/2024\/06\/WhatsApp-Image-2024-01-10-at-10.18.39-e1718966663672-1536x864.jpeg 1536w, https:\/\/www.museosdemequinenza.com\/wp-content\/uploads\/2024\/06\/WhatsApp-Image-2024-01-10-at-10.18.39-e1718966663672-18x10.jpeg 18w, https:\/\/www.museosdemequinenza.com\/wp-content\/uploads\/2024\/06\/WhatsApp-Image-2024-01-10-at-10.18.39-e1718966663672.jpeg 1600w\" sizes=\"(max-width: 1024px) 100vw, 1024px\" \/>\t\t\t\t\t\t\t\t\t\t\t\t\t\t\t<\/div>\n\t\t\t\t<\/div>\n\t\t\t\t\t<\/div>\n\t\t<\/div>\n\t\t\t\t<div class=\"elementor-column elementor-col-50 elementor-inner-column elementor-element elementor-element-f67ccc4\" data-id=\"f67ccc4\" data-element_type=\"column\" data-e-type=\"column\">\n\t\t\t<div class=\"elementor-widget-wrap elementor-element-populated\">\n\t\t\t\t\t\t<div class=\"elementor-element elementor-element-d5eb029 elementor-widget elementor-widget-image\" data-id=\"d5eb029\" data-element_type=\"widget\" data-e-type=\"widget\" data-widget_type=\"image.default\">\n\t\t\t\t<div class=\"elementor-widget-container\">\n\t\t\t\t\t\t\t\t\t\t\t\t\t\t\t<img decoding=\"async\" width=\"600\" height=\"357\" src=\"https:\/\/www.museosdemequinenza.com\/wp-content\/uploads\/2025\/02\/image013.jpg\" class=\"attachment-large size-large wp-image-11958\" alt=\"\" srcset=\"https:\/\/www.museosdemequinenza.com\/wp-content\/uploads\/2025\/02\/image013.jpg 600w, https:\/\/www.museosdemequinenza.com\/wp-content\/uploads\/2025\/02\/image013-300x179.jpg 300w, https:\/\/www.museosdemequinenza.com\/wp-content\/uploads\/2025\/02\/image013-18x12.jpg 18w\" sizes=\"(max-width: 600px) 100vw, 600px\" \/>\t\t\t\t\t\t\t\t\t\t\t\t\t\t\t<\/div>\n\t\t\t\t<\/div>\n\t\t\t\t\t<\/div>\n\t\t<\/div>\n\t\t\t\t\t<\/div>\n\t\t<\/section>\n\t\t\t\t<div class=\"elementor-element elementor-element-1ad4153 elementor-widget elementor-widget-text-editor\" data-id=\"1ad4153\" data-element_type=\"widget\" data-e-type=\"widget\" data-widget_type=\"text-editor.default\">\n\t\t\t\t<div class=\"elementor-widget-container\">\n\t\t\t\t\t\t\t\t\t<h2>El Patrimoni Miner de Mequinensa<\/h2><div><p data-pm-slice=\"1 1 []\">Encara visible en el paisatge, \u00e9s un testimoni viu de la hist\u00f2ria industrial de la zona, marcada per d\u00e8cades d\u2019intensa activitat minera. Localitats com Mequinensa, Almatret, La Granja d\u2019Escarp i Ser\u00f3s van ser epicentres de l\u2019extracci\u00f3 de carb\u00f3, fet que va configurar el desenvolupament econ\u00f2mic i social de la zona. Aquest llegat es conserva de manera excepcional al Museu de la Mina de Mequinensa, un espai \u00fanic que recrea una mina de carb\u00f3 en el seu estat original.\u00a0<\/p><\/div>\t\t\t\t\t\t\t\t<\/div>\n\t\t\t\t<\/div>\n\t\t\t\t<section class=\"elementor-section elementor-inner-section elementor-element elementor-element-04346f9 elementor-section-boxed elementor-section-height-default elementor-section-height-default\" data-id=\"04346f9\" data-element_type=\"section\" data-e-type=\"section\">\n\t\t\t\t\t\t<div class=\"elementor-container elementor-column-gap-default\">\n\t\t\t\t\t<div class=\"elementor-column elementor-col-50 elementor-inner-column elementor-element elementor-element-48178b5\" data-id=\"48178b5\" data-element_type=\"column\" data-e-type=\"column\">\n\t\t\t<div class=\"elementor-widget-wrap elementor-element-populated\">\n\t\t\t\t\t\t<div class=\"elementor-element elementor-element-7b08f79 elementor-widget elementor-widget-image\" data-id=\"7b08f79\" data-element_type=\"widget\" data-e-type=\"widget\" data-widget_type=\"image.default\">\n\t\t\t\t<div class=\"elementor-widget-container\">\n\t\t\t\t\t\t\t\t\t\t\t\t\t\t\t<img decoding=\"async\" width=\"1024\" height=\"576\" src=\"https:\/\/www.museosdemequinenza.com\/wp-content\/uploads\/2025\/02\/leonardita-del-ebro-1024x576.jpeg\" class=\"attachment-large size-large wp-image-11959\" alt=\"\" srcset=\"https:\/\/www.museosdemequinenza.com\/wp-content\/uploads\/2025\/02\/leonardita-del-ebro-1024x576.jpeg 1024w, https:\/\/www.museosdemequinenza.com\/wp-content\/uploads\/2025\/02\/leonardita-del-ebro-300x169.jpeg 300w, https:\/\/www.museosdemequinenza.com\/wp-content\/uploads\/2025\/02\/leonardita-del-ebro-768x432.jpeg 768w, https:\/\/www.museosdemequinenza.com\/wp-content\/uploads\/2025\/02\/leonardita-del-ebro-18x10.jpeg 18w, https:\/\/www.museosdemequinenza.com\/wp-content\/uploads\/2025\/02\/leonardita-del-ebro.jpeg 1205w\" sizes=\"(max-width: 1024px) 100vw, 1024px\" \/>\t\t\t\t\t\t\t\t\t\t\t\t\t\t\t<\/div>\n\t\t\t\t<\/div>\n\t\t\t\t\t<\/div>\n\t\t<\/div>\n\t\t\t\t<div class=\"elementor-column elementor-col-50 elementor-inner-column elementor-element elementor-element-54712cf\" data-id=\"54712cf\" data-element_type=\"column\" data-e-type=\"column\">\n\t\t\t<div class=\"elementor-widget-wrap elementor-element-populated\">\n\t\t\t\t\t\t<div class=\"elementor-element elementor-element-23ee32d elementor-widget elementor-widget-image\" data-id=\"23ee32d\" data-element_type=\"widget\" data-e-type=\"widget\" data-widget_type=\"image.default\">\n\t\t\t\t<div class=\"elementor-widget-container\">\n\t\t\t\t\t\t\t\t\t\t\t\t\t\t\t<img loading=\"lazy\" decoding=\"async\" width=\"1007\" height=\"566\" src=\"https:\/\/www.museosdemequinenza.com\/wp-content\/uploads\/2025\/02\/mina-prevision-mequinenza.jpeg\" class=\"attachment-large size-large wp-image-11960\" alt=\"\" srcset=\"https:\/\/www.museosdemequinenza.com\/wp-content\/uploads\/2025\/02\/mina-prevision-mequinenza.jpeg 1007w, https:\/\/www.museosdemequinenza.com\/wp-content\/uploads\/2025\/02\/mina-prevision-mequinenza-300x169.jpeg 300w, https:\/\/www.museosdemequinenza.com\/wp-content\/uploads\/2025\/02\/mina-prevision-mequinenza-768x432.jpeg 768w, https:\/\/www.museosdemequinenza.com\/wp-content\/uploads\/2025\/02\/mina-prevision-mequinenza-18x10.jpeg 18w\" sizes=\"(max-width: 1007px) 100vw, 1007px\" \/>\t\t\t\t\t\t\t\t\t\t\t\t\t\t\t<\/div>\n\t\t\t\t<\/div>\n\t\t\t\t\t<\/div>\n\t\t<\/div>\n\t\t\t\t\t<\/div>\n\t\t<\/section>\n\t\t\t\t<div class=\"elementor-element elementor-element-c6b3c91 elementor-widget elementor-widget-spacer\" data-id=\"c6b3c91\" data-element_type=\"widget\" data-e-type=\"widget\" data-widget_type=\"spacer.default\">\n\t\t\t\t<div class=\"elementor-widget-container\">\n\t\t\t\t\t\t\t<div class=\"elementor-spacer\">\n\t\t\t<div class=\"elementor-spacer-inner\"><\/div>\n\t\t<\/div>\n\t\t\t\t\t\t<\/div>\n\t\t\t\t<\/div>\n\t\t\t\t<div class=\"elementor-element elementor-element-8bfc362 elementor-widget elementor-widget-text-editor\" data-id=\"8bfc362\" data-element_type=\"widget\" data-e-type=\"widget\" data-widget_type=\"text-editor.default\">\n\t\t\t\t<div class=\"elementor-widget-container\">\n\t\t\t\t\t\t\t\t\t<h2>Transport del carb\u00f3 a Mequinensa<\/h2><div><div><p>El transport del carb\u00f3 a Mequinensa va tenir el riu Ebre com a protagonista, utilitzant llaguts, embarcacions tradicionals que facilitaven el seu trasllat. El proc\u00e9s comen\u00e7ava amb l\u2019extracci\u00f3 del carb\u00f3 a l\u2019interior de la mina. Des d\u2019all\u00ed, el carb\u00f3 es traslladava per diferents mitjans fins als embarcadors fluvials, on es carregava als <i>llauts <\/i>per navegar pel riu Ebre fins a arribar al port fluvial de destinaci\u00f3.\u00a0<\/p><p>El Cam\u00ed de Sirga era una via que seguia el curs del riu Ebre i s'utilitzava per remolcar les embarcacions, els <i>llauts<\/i>, des dels camins de riba. Tot i que s\u2019esperava que el ferrocarril arrib\u00e9s per facilitar el transport del carb\u00f3, a Mequinensa mai es va arribar a construir una l\u00ednia ferrovi\u00e0ria que connect\u00e9s directament amb les mines. Aix\u00f2 va obligar a seguir utilitzant els <i>llauts <\/i>de manera constant, ja que el transport fluvial pel riu Ebre va ser l'\u00fanica opci\u00f3 viable per al trasllat del carb\u00f3 cap al seu dest\u00ed final.<\/p><\/div><\/div>\t\t\t\t\t\t\t\t<\/div>\n\t\t\t\t<\/div>\n\t\t\t\t<section class=\"elementor-section elementor-inner-section elementor-element elementor-element-28b36a5 elementor-section-boxed elementor-section-height-default elementor-section-height-default\" data-id=\"28b36a5\" data-element_type=\"section\" data-e-type=\"section\">\n\t\t\t\t\t\t<div class=\"elementor-container elementor-column-gap-default\">\n\t\t\t\t\t<div class=\"elementor-column elementor-col-50 elementor-inner-column elementor-element elementor-element-3e3a78d\" data-id=\"3e3a78d\" data-element_type=\"column\" data-e-type=\"column\">\n\t\t\t<div class=\"elementor-widget-wrap elementor-element-populated\">\n\t\t\t\t\t\t<div class=\"elementor-element elementor-element-8fa3861 elementor-widget elementor-widget-image\" data-id=\"8fa3861\" data-element_type=\"widget\" data-e-type=\"widget\" data-widget_type=\"image.default\">\n\t\t\t\t<div class=\"elementor-widget-container\">\n\t\t\t\t\t\t\t\t\t\t\t\t\t\t\t<img loading=\"lazy\" decoding=\"async\" width=\"819\" height=\"461\" src=\"https:\/\/www.museosdemequinenza.com\/wp-content\/uploads\/2025\/02\/cargador-ebro-mequinenza-e1740733126304.jpg\" class=\"attachment-large size-large wp-image-11962\" alt=\"\" srcset=\"https:\/\/www.museosdemequinenza.com\/wp-content\/uploads\/2025\/02\/cargador-ebro-mequinenza-e1740733126304.jpg 819w, https:\/\/www.museosdemequinenza.com\/wp-content\/uploads\/2025\/02\/cargador-ebro-mequinenza-e1740733126304-300x169.jpg 300w, https:\/\/www.museosdemequinenza.com\/wp-content\/uploads\/2025\/02\/cargador-ebro-mequinenza-e1740733126304-768x432.jpg 768w, https:\/\/www.museosdemequinenza.com\/wp-content\/uploads\/2025\/02\/cargador-ebro-mequinenza-e1740733126304-18x10.jpg 18w\" sizes=\"(max-width: 819px) 100vw, 819px\" \/>\t\t\t\t\t\t\t\t\t\t\t\t\t\t\t<\/div>\n\t\t\t\t<\/div>\n\t\t\t\t\t<\/div>\n\t\t<\/div>\n\t\t\t\t<div class=\"elementor-column elementor-col-50 elementor-inner-column elementor-element elementor-element-60145a6\" data-id=\"60145a6\" data-element_type=\"column\" data-e-type=\"column\">\n\t\t\t<div class=\"elementor-widget-wrap elementor-element-populated\">\n\t\t\t\t\t\t<div class=\"elementor-element elementor-element-780a2b9 elementor-widget elementor-widget-image\" data-id=\"780a2b9\" data-element_type=\"widget\" data-e-type=\"widget\" data-widget_type=\"image.default\">\n\t\t\t\t<div class=\"elementor-widget-container\">\n\t\t\t\t\t\t\t\t\t\t\t\t\t\t\t<img loading=\"lazy\" decoding=\"async\" width=\"972\" height=\"547\" src=\"https:\/\/www.museosdemequinenza.com\/wp-content\/uploads\/2025\/02\/llaut-mequinensa-jose-soler-e1740733146699.jpg\" class=\"attachment-large size-large wp-image-11961\" alt=\"\" srcset=\"https:\/\/www.museosdemequinenza.com\/wp-content\/uploads\/2025\/02\/llaut-mequinensa-jose-soler-e1740733146699.jpg 972w, https:\/\/www.museosdemequinenza.com\/wp-content\/uploads\/2025\/02\/llaut-mequinensa-jose-soler-e1740733146699-300x169.jpg 300w, https:\/\/www.museosdemequinenza.com\/wp-content\/uploads\/2025\/02\/llaut-mequinensa-jose-soler-e1740733146699-768x432.jpg 768w, https:\/\/www.museosdemequinenza.com\/wp-content\/uploads\/2025\/02\/llaut-mequinensa-jose-soler-e1740733146699-18x10.jpg 18w\" sizes=\"(max-width: 972px) 100vw, 972px\" \/>\t\t\t\t\t\t\t\t\t\t\t\t\t\t\t<\/div>\n\t\t\t\t<\/div>\n\t\t\t\t\t<\/div>\n\t\t<\/div>\n\t\t\t\t\t<\/div>\n\t\t<\/section>\n\t\t\t\t<div class=\"elementor-element elementor-element-0e6312c elementor-widget elementor-widget-spacer\" data-id=\"0e6312c\" data-element_type=\"widget\" data-e-type=\"widget\" data-widget_type=\"spacer.default\">\n\t\t\t\t<div class=\"elementor-widget-container\">\n\t\t\t\t\t\t\t<div class=\"elementor-spacer\">\n\t\t\t<div class=\"elementor-spacer-inner\"><\/div>\n\t\t<\/div>\n\t\t\t\t\t\t<\/div>\n\t\t\t\t<\/div>\n\t\t\t\t<div class=\"elementor-element elementor-element-164a0d2 elementor-widget elementor-widget-text-editor\" data-id=\"164a0d2\" data-element_type=\"widget\" data-e-type=\"widget\" data-widget_type=\"text-editor.default\">\n\t\t\t\t<div class=\"elementor-widget-container\">\n\t\t\t\t\t\t\t\t\t<div><span style=\"color: #202020; font-family: 'Open Sans', Helvetica, Arial; font-size: 24px; font-style: normal;\">Sistemes d'Explotaci\u00f3 Minera a Mequinensa<\/span><\/div><p style=\"font-family: Roboto, sans-serif; font-style: normal; font-weight: 400;\">Al llarg de la hist\u00f2ria, es van emprar diferents m\u00e8todes d'extracci\u00f3, evolucionant des de sistemes manuals fins a explotacions mecanitzades:<\/p>\t\t\t\t\t\t\t\t<\/div>\n\t\t\t\t<\/div>\n\t\t\t\t<section class=\"elementor-section elementor-inner-section elementor-element elementor-element-01d1e9f elementor-section-boxed elementor-section-height-default elementor-section-height-default\" data-id=\"01d1e9f\" data-element_type=\"section\" data-e-type=\"section\">\n\t\t\t\t\t\t<div class=\"elementor-container elementor-column-gap-default\">\n\t\t\t\t\t<div class=\"elementor-column elementor-col-50 elementor-inner-column elementor-element elementor-element-504ab57\" data-id=\"504ab57\" data-element_type=\"column\" data-e-type=\"column\">\n\t\t\t<div class=\"elementor-widget-wrap elementor-element-populated\">\n\t\t\t\t\t\t<div class=\"elementor-element elementor-element-51375a0 elementor-widget elementor-widget-text-editor\" data-id=\"51375a0\" data-element_type=\"widget\" data-e-type=\"widget\" data-widget_type=\"text-editor.default\">\n\t\t\t\t<div class=\"elementor-widget-container\">\n\t\t\t\t\t\t\t\t\t<h3>Explotaci\u00f3 per \"Canyos\"<\/h3><ul data-spread=\"false\"><li><p>Es delimitaven macissos mitjan\u00e7ant galeries.<\/p><\/li><li><p>El carb\u00f3 es retirava manualment i es transportava en \u00abgats\u00bb<\/p><\/li><li><p>S'utilitzaven eines com pics, pales quadrades, falques i llums de carbur.<\/p><\/li><li><p>La ventilaci\u00f3 era essencial per evitar l\u2019acumulaci\u00f3 de gasos perillosos.<\/p><\/li><\/ul>\t\t\t\t\t\t\t\t<\/div>\n\t\t\t\t<\/div>\n\t\t\t\t\t<\/div>\n\t\t<\/div>\n\t\t\t\t<div class=\"elementor-column elementor-col-50 elementor-inner-column elementor-element elementor-element-6a1787b\" data-id=\"6a1787b\" data-element_type=\"column\" data-e-type=\"column\">\n\t\t\t<div class=\"elementor-widget-wrap elementor-element-populated\">\n\t\t\t\t\t\t<div class=\"elementor-element elementor-element-aa6058b elementor-arrows-position-inside elementor-widget elementor-widget-image-carousel\" data-id=\"aa6058b\" data-element_type=\"widget\" data-e-type=\"widget\" data-settings=\"{&quot;slides_to_show&quot;:&quot;1&quot;,&quot;navigation&quot;:&quot;arrows&quot;,&quot;autoplay&quot;:&quot;yes&quot;,&quot;pause_on_hover&quot;:&quot;yes&quot;,&quot;pause_on_interaction&quot;:&quot;yes&quot;,&quot;autoplay_speed&quot;:5000,&quot;infinite&quot;:&quot;yes&quot;,&quot;effect&quot;:&quot;slide&quot;,&quot;speed&quot;:500}\" data-widget_type=\"image-carousel.default\">\n\t\t\t\t<div class=\"elementor-widget-container\">\n\t\t\t\t\t\t\t<div class=\"elementor-image-carousel-wrapper swiper\" role=\"region\" aria-roledescription=\"carousel\" aria-label=\"Carrusel de im\u00e1genes\" dir=\"ltr\">\n\t\t\t<div class=\"elementor-image-carousel swiper-wrapper\" aria-live=\"off\">\n\t\t\t\t\t\t\t\t<div class=\"swiper-slide\" role=\"group\" aria-roledescription=\"slide\" aria-label=\"1 de 2\" data-no-translation-aria-label=\"\"><figure class=\"swiper-slide-inner\"><img decoding=\"async\" class=\"swiper-slide-image\" src=\"https:\/\/www.museosdemequinenza.com\/wp-content\/uploads\/2025\/02\/canos-mequinenza-e1740734265587.jpg\" alt=\"ca\u00f1os mequinenza\" \/><\/figure><\/div><div class=\"swiper-slide\" role=\"group\" aria-roledescription=\"slide\" aria-label=\"2 de 2\" data-no-translation-aria-label=\"\"><figure class=\"swiper-slide-inner\"><img decoding=\"async\" class=\"swiper-slide-image\" src=\"https:\/\/www.museosdemequinenza.com\/wp-content\/uploads\/2025\/02\/cano-mequinenza2-e1740734235844.jpg\" alt=\"ca\u00f1o mequinenza2\" \/><\/figure><\/div>\t\t\t<\/div>\n\t\t\t\t\t\t\t\t\t\t\t\t<div class=\"elementor-swiper-button elementor-swiper-button-prev\" role=\"button\" tabindex=\"0\">\n\t\t\t\t\t\t<i aria-hidden=\"true\" class=\"eicon-chevron-left\"><\/i>\t\t\t\t\t<\/div>\n\t\t\t\t\t<div class=\"elementor-swiper-button elementor-swiper-button-next\" role=\"button\" tabindex=\"0\">\n\t\t\t\t\t\t<i aria-hidden=\"true\" class=\"eicon-chevron-right\"><\/i>\t\t\t\t\t<\/div>\n\t\t\t\t\n\t\t\t\t\t\t\t\t\t<\/div>\n\t\t\t\t\t\t<\/div>\n\t\t\t\t<\/div>\n\t\t\t\t\t<\/div>\n\t\t<\/div>\n\t\t\t\t\t<\/div>\n\t\t<\/section>\n\t\t\t\t<section class=\"elementor-section elementor-inner-section elementor-element elementor-element-be3966b elementor-section-boxed elementor-section-height-default elementor-section-height-default\" data-id=\"be3966b\" data-element_type=\"section\" data-e-type=\"section\">\n\t\t\t\t\t\t<div class=\"elementor-container elementor-column-gap-default\">\n\t\t\t\t\t<div class=\"elementor-column elementor-col-50 elementor-inner-column elementor-element elementor-element-a5732b9\" data-id=\"a5732b9\" data-element_type=\"column\" data-e-type=\"column\">\n\t\t\t<div class=\"elementor-widget-wrap elementor-element-populated\">\n\t\t\t\t\t\t<div class=\"elementor-element elementor-element-c79039b elementor-widget elementor-widget-text-editor\" data-id=\"c79039b\" data-element_type=\"widget\" data-e-type=\"widget\" data-widget_type=\"text-editor.default\">\n\t\t\t\t<div class=\"elementor-widget-container\">\n\t\t\t\t\t\t\t\t\t<p style=\"font-family: Roboto, sans-serif; font-style: normal; font-weight: 400;\"><span style=\"font-family: 'Open Sans', Helvetica, Arial; font-size: 20px; color: #202020;\">Explotaci\u00f3 Mec\u00e0nica<\/span><\/p><ul><li><p>Es divideixen les mines en man\u00e7anes i \"canyos\".<\/p><\/li><li><p>Es van implementar m\u00e8todes de rombos i quatre costats per optimitzar l'extracci\u00f3 del carb\u00f3.<\/p><\/li><li><p>Es van emprar eines com descalzadores i sistemes de entibaci\u00f3 amb ma\u00e7oneria.<\/p><\/li><\/ul>\t\t\t\t\t\t\t\t<\/div>\n\t\t\t\t<\/div>\n\t\t\t\t\t<\/div>\n\t\t<\/div>\n\t\t\t\t<div class=\"elementor-column elementor-col-50 elementor-inner-column elementor-element elementor-element-ff31c93\" data-id=\"ff31c93\" data-element_type=\"column\" data-e-type=\"column\">\n\t\t\t<div class=\"elementor-widget-wrap elementor-element-populated\">\n\t\t\t\t\t\t<div class=\"elementor-element elementor-element-d8aebdc elementor-widget elementor-widget-image\" data-id=\"d8aebdc\" data-element_type=\"widget\" data-e-type=\"widget\" data-widget_type=\"image.default\">\n\t\t\t\t<div class=\"elementor-widget-container\">\n\t\t\t\t\t\t\t\t\t\t\t\t\t\t\t<img loading=\"lazy\" decoding=\"async\" width=\"700\" height=\"394\" src=\"https:\/\/www.museosdemequinenza.com\/wp-content\/uploads\/2025\/02\/explotacion-mecanica-mequinenza.jpg\" class=\"attachment-large size-large wp-image-11964\" alt=\"\" srcset=\"https:\/\/www.museosdemequinenza.com\/wp-content\/uploads\/2025\/02\/explotacion-mecanica-mequinenza.jpg 700w, https:\/\/www.museosdemequinenza.com\/wp-content\/uploads\/2025\/02\/explotacion-mecanica-mequinenza-300x169.jpg 300w, https:\/\/www.museosdemequinenza.com\/wp-content\/uploads\/2025\/02\/explotacion-mecanica-mequinenza-18x10.jpg 18w\" sizes=\"(max-width: 700px) 100vw, 700px\" \/>\t\t\t\t\t\t\t\t\t\t\t\t\t\t\t<\/div>\n\t\t\t\t<\/div>\n\t\t\t\t\t<\/div>\n\t\t<\/div>\n\t\t\t\t\t<\/div>\n\t\t<\/section>\n\t\t\t\t<section class=\"elementor-section elementor-inner-section elementor-element elementor-element-d4992e7 elementor-section-boxed elementor-section-height-default elementor-section-height-default\" data-id=\"d4992e7\" data-element_type=\"section\" data-e-type=\"section\">\n\t\t\t\t\t\t<div class=\"elementor-container elementor-column-gap-default\">\n\t\t\t\t\t<div class=\"elementor-column elementor-col-50 elementor-inner-column elementor-element elementor-element-ce6953b\" data-id=\"ce6953b\" data-element_type=\"column\" data-e-type=\"column\">\n\t\t\t<div class=\"elementor-widget-wrap elementor-element-populated\">\n\t\t\t\t\t\t<div class=\"elementor-element elementor-element-1146e61 elementor-widget__width-initial elementor-widget elementor-widget-text-editor\" data-id=\"1146e61\" data-element_type=\"widget\" data-e-type=\"widget\" data-widget_type=\"text-editor.default\">\n\t\t\t\t<div class=\"elementor-widget-container\">\n\t\t\t\t\t\t\t\t\t<div style=\"font-family: Roboto, sans-serif; font-size: 12px; font-style: normal; font-weight: 400;\"><span style=\"font-family: 'Open Sans', Helvetica, Arial; font-size: 20px; color: #202020;\">Explotaci\u00f3 amb ro\u00e7adores<\/span><\/div><ul><li style=\"font-family: Roboto, sans-serif; font-size: 12px; font-style: normal; font-weight: 400;\"><span style=\"font-size: 16px; color: var( --e-global-color-text );\">Es realitza una excavaci\u00f3 inicial per donar espai a la ro\u00e7adora.<\/span><\/li><li style=\"font-size: 12px;\"><p data-start=\"492\" data-end=\"519\">Es reforcen les galeries amb entibacions met\u00e0l\u00b7liques per garantir l'estabilitat.<\/p><\/li><li style=\"font-size: 12px;\"><p data-start=\"492\" data-end=\"519\">La rozadora avan\u00e7a al llarg del front d'explotaci\u00f3, desprenen el lignit mitjan\u00e7ant el seu tambor giratori amb piques de tall.<\/p><\/li><li style=\"font-size: 12px;\"><p data-start=\"492\" data-end=\"519\">Els fragments de carb\u00f3 cauen en una cinta transportadora per al seu posterior transport.<\/p><\/li><\/ul>\t\t\t\t\t\t\t\t<\/div>\n\t\t\t\t<\/div>\n\t\t\t\t\t<\/div>\n\t\t<\/div>\n\t\t\t\t<div class=\"elementor-column elementor-col-50 elementor-inner-column elementor-element elementor-element-090d09a\" data-id=\"090d09a\" data-element_type=\"column\" data-e-type=\"column\">\n\t\t\t<div class=\"elementor-widget-wrap elementor-element-populated\">\n\t\t\t\t\t\t<div class=\"elementor-element elementor-element-db0c482 elementor-arrows-position-inside elementor-widget elementor-widget-image-carousel\" data-id=\"db0c482\" data-element_type=\"widget\" data-e-type=\"widget\" data-settings=\"{&quot;slides_to_show&quot;:&quot;1&quot;,&quot;navigation&quot;:&quot;arrows&quot;,&quot;autoplay&quot;:&quot;yes&quot;,&quot;pause_on_hover&quot;:&quot;yes&quot;,&quot;pause_on_interaction&quot;:&quot;yes&quot;,&quot;autoplay_speed&quot;:5000,&quot;infinite&quot;:&quot;yes&quot;,&quot;effect&quot;:&quot;slide&quot;,&quot;speed&quot;:500}\" data-widget_type=\"image-carousel.default\">\n\t\t\t\t<div class=\"elementor-widget-container\">\n\t\t\t\t\t\t\t<div class=\"elementor-image-carousel-wrapper swiper\" role=\"region\" aria-roledescription=\"carousel\" aria-label=\"Carrusel de im\u00e1genes\" dir=\"ltr\">\n\t\t\t<div class=\"elementor-image-carousel swiper-wrapper\" aria-live=\"off\">\n\t\t\t\t\t\t\t\t<div class=\"swiper-slide\" role=\"group\" aria-roledescription=\"slide\" aria-label=\"1 de 2\" data-no-translation-aria-label=\"\"><figure class=\"swiper-slide-inner\"><img decoding=\"async\" class=\"swiper-slide-image\" src=\"https:\/\/www.museosdemequinenza.com\/wp-content\/uploads\/2025\/02\/esquema-rozadora-mequinenza.jpg\" alt=\"esquema rozadora mequinenza\" \/><\/figure><\/div><div class=\"swiper-slide\" role=\"group\" aria-roledescription=\"slide\" aria-label=\"2 de 2\" data-no-translation-aria-label=\"\"><figure class=\"swiper-slide-inner\"><img decoding=\"async\" class=\"swiper-slide-image\" src=\"https:\/\/www.museosdemequinenza.com\/wp-content\/uploads\/2025\/02\/rozadora-e1740734326823.jpg\" alt=\"rozadora\" \/><\/figure><\/div>\t\t\t<\/div>\n\t\t\t\t\t\t\t\t\t\t\t\t<div class=\"elementor-swiper-button elementor-swiper-button-prev\" role=\"button\" tabindex=\"0\">\n\t\t\t\t\t\t<i aria-hidden=\"true\" class=\"eicon-chevron-left\"><\/i>\t\t\t\t\t<\/div>\n\t\t\t\t\t<div class=\"elementor-swiper-button elementor-swiper-button-next\" role=\"button\" tabindex=\"0\">\n\t\t\t\t\t\t<i aria-hidden=\"true\" class=\"eicon-chevron-right\"><\/i>\t\t\t\t\t<\/div>\n\t\t\t\t\n\t\t\t\t\t\t\t\t\t<\/div>\n\t\t\t\t\t\t<\/div>\n\t\t\t\t<\/div>\n\t\t\t\t\t<\/div>\n\t\t<\/div>\n\t\t\t\t\t<\/div>\n\t\t<\/section>\n\t\t\t\t<section class=\"elementor-section elementor-inner-section elementor-element elementor-element-20b30da elementor-section-boxed elementor-section-height-default elementor-section-height-default\" data-id=\"20b30da\" data-element_type=\"section\" data-e-type=\"section\">\n\t\t\t\t\t\t<div class=\"elementor-container elementor-column-gap-default\">\n\t\t\t\t\t<div class=\"elementor-column elementor-col-50 elementor-inner-column elementor-element elementor-element-e746d79\" data-id=\"e746d79\" data-element_type=\"column\" data-e-type=\"column\">\n\t\t\t<div class=\"elementor-widget-wrap elementor-element-populated\">\n\t\t\t\t\t\t<div class=\"elementor-element elementor-element-74f38f6 elementor-widget__width-initial elementor-widget elementor-widget-text-editor\" data-id=\"74f38f6\" data-element_type=\"widget\" data-e-type=\"widget\" data-widget_type=\"text-editor.default\">\n\t\t\t\t<div class=\"elementor-widget-container\">\n\t\t\t\t\t\t\t\t\t<div style=\"font-family: Roboto, sans-serif; font-size: 12px; font-style: normal; font-weight: 400;\"><div style=\"font-family: Roboto, sans-serif; font-size: 12px; font-style: normal; font-weight: 400;\"><span style=\"font-family: 'Open Sans', Helvetica, Arial; font-size: 20px; color: #202020;\">Explotaci\u00f3 en C\u00e0meres i Pilars<\/span><\/div><ul style=\"font-family: Roboto, sans-serif; font-size: 12px; font-style: normal; font-weight: 400;\" data-spread=\"false\"><li style=\"font-size: 12px;\"><p>El sistema de c\u00e0meres i pilars consisteix a excavar c\u00e0meres de carb\u00f3, deixant pilars que suporten naturalment totes les estructures de la galeria.<\/p><\/li><li style=\"font-size: 12px;\"><p>Es feien servir explosius.<\/p><\/li><li style=\"font-size: 12px;\"><p>Es recollia el resultat de l'explosi\u00f3 i es carregaven els camions a la galeria per al transport del material cap a l'exterior.<\/p><\/li><\/ul><\/div>\t\t\t\t\t\t\t\t<\/div>\n\t\t\t\t<\/div>\n\t\t\t\t\t<\/div>\n\t\t<\/div>\n\t\t\t\t<div class=\"elementor-column elementor-col-50 elementor-inner-column elementor-element elementor-element-97550c0\" data-id=\"97550c0\" data-element_type=\"column\" data-e-type=\"column\">\n\t\t\t<div class=\"elementor-widget-wrap elementor-element-populated\">\n\t\t\t\t\t\t<div class=\"elementor-element elementor-element-96f5dee elementor-widget elementor-widget-image\" data-id=\"96f5dee\" data-element_type=\"widget\" data-e-type=\"widget\" data-widget_type=\"image.default\">\n\t\t\t\t<div class=\"elementor-widget-container\">\n\t\t\t\t\t\t\t\t\t\t\t\t\t\t\t<img loading=\"lazy\" decoding=\"async\" width=\"1001\" height=\"563\" src=\"https:\/\/www.museosdemequinenza.com\/wp-content\/uploads\/2025\/02\/carbonifera-jumbo.jpg\" class=\"attachment-large size-large wp-image-11966\" alt=\"\" srcset=\"https:\/\/www.museosdemequinenza.com\/wp-content\/uploads\/2025\/02\/carbonifera-jumbo.jpg 1001w, https:\/\/www.museosdemequinenza.com\/wp-content\/uploads\/2025\/02\/carbonifera-jumbo-300x169.jpg 300w, https:\/\/www.museosdemequinenza.com\/wp-content\/uploads\/2025\/02\/carbonifera-jumbo-768x432.jpg 768w, https:\/\/www.museosdemequinenza.com\/wp-content\/uploads\/2025\/02\/carbonifera-jumbo-18x10.jpg 18w\" sizes=\"(max-width: 1001px) 100vw, 1001px\" \/>\t\t\t\t\t\t\t\t\t\t\t\t\t\t\t<\/div>\n\t\t\t\t<\/div>\n\t\t\t\t\t<\/div>\n\t\t<\/div>\n\t\t\t\t\t<\/div>\n\t\t<\/section>\n\t\t\t\t<div class=\"elementor-element elementor-element-0571269 elementor-widget elementor-widget-spacer\" data-id=\"0571269\" data-element_type=\"widget\" data-e-type=\"widget\" data-widget_type=\"spacer.default\">\n\t\t\t\t<div class=\"elementor-widget-container\">\n\t\t\t\t\t\t\t<div class=\"elementor-spacer\">\n\t\t\t<div class=\"elementor-spacer-inner\"><\/div>\n\t\t<\/div>\n\t\t\t\t\t\t<\/div>\n\t\t\t\t<\/div>\n\t\t\t\t<div class=\"elementor-element elementor-element-87502bb elementor-widget elementor-widget-text-editor\" data-id=\"87502bb\" data-element_type=\"widget\" data-e-type=\"widget\" data-widget_type=\"text-editor.default\">\n\t\t\t\t<div class=\"elementor-widget-container\">\n\t\t\t\t\t\t\t\t\t<p>La mineria a Mequinensa va ser una activitat essencial que no nom\u00e9s va transformar l'economia local, sin\u00f3 que tamb\u00e9 va deixar una empremta indeleble en la identitat de la poblaci\u00f3. Durant m\u00e9s de 170 anys, la feina a les mines va ser el motor de desenvolupament de la localitat, marcant generacions d'habitants que van viure i treballar en un entorn subterrani ple de reptes i sacrificis. Avui, aquest llegat es conserva al <span data-start=\"438\" data-end=\"472\"><a href=\"https:\/\/www.museosdemequinenza.com\/ca\/museo-de-la-mina-de-mequinenza\/\"><b>Museu de la Mina de Mequinensa<\/b><\/a><\/span>, un espai \u00fanic que permet als visitants endinsar-se en la hist\u00f2ria de la mineria i experimentar de manera directa com era la vida quotidiana dels miners.<\/p><p>\u00a0Amb m\u00e9s de 1000 metres de recorregut interior totalment adaptat, el museu ofereix una visi\u00f3 profunda de les t\u00e8cniques d'extracci\u00f3, les condicions laborals i les hist\u00f2ries d'aquells que van treballar a les mines, la qual cosa fa d'aquesta visita una oportunitat imprescindible per comprendre aquest dur ofici. Submergir-se en aquest fascinant m\u00f3n subterrani \u00e9s, sens dubte, un viatge en el temps que permet con\u00e8ixer de primera m\u00e0 el dur treball dels miners.<\/p>\t\t\t\t\t\t\t\t<\/div>\n\t\t\t\t<\/div>\n\t\t\t\t\t<\/div>\n\t\t<\/div>\n\t\t\t\t\t<\/div>\n\t\t<\/section>\n\t\t\t\t<section class=\"elementor-section elementor-top-section elementor-element elementor-element-5d27c3f elementor-section-boxed elementor-section-height-default elementor-section-height-default\" data-id=\"5d27c3f\" data-element_type=\"section\" data-e-type=\"section\">\n\t\t\t\t\t\t<div class=\"elementor-container elementor-column-gap-default\">\n\t\t\t\t\t<div class=\"elementor-column elementor-col-100 elementor-top-column elementor-element elementor-element-233b389\" data-id=\"233b389\" data-element_type=\"column\" data-e-type=\"column\">\n\t\t\t<div class=\"elementor-widget-wrap elementor-element-populated\">\n\t\t\t\t\t\t<section class=\"elementor-section elementor-inner-section elementor-element elementor-element-833196a elementor-section-boxed elementor-section-height-default elementor-section-height-default\" data-id=\"833196a\" data-element_type=\"section\" data-e-type=\"section\">\n\t\t\t\t\t\t<div class=\"elementor-container elementor-column-gap-default\">\n\t\t\t\t\t<div class=\"elementor-column elementor-col-50 elementor-inner-column elementor-element elementor-element-ac5ae1b\" data-id=\"ac5ae1b\" data-element_type=\"column\" data-e-type=\"column\">\n\t\t\t<div class=\"elementor-widget-wrap elementor-element-populated\">\n\t\t\t\t\t\t<div class=\"elementor-element elementor-element-c9c9b7d elementor-arrows-position-inside elementor-widget elementor-widget-image-carousel\" data-id=\"c9c9b7d\" data-element_type=\"widget\" data-e-type=\"widget\" data-settings=\"{&quot;slides_to_show&quot;:&quot;1&quot;,&quot;navigation&quot;:&quot;arrows&quot;,&quot;autoplay&quot;:&quot;yes&quot;,&quot;pause_on_hover&quot;:&quot;yes&quot;,&quot;pause_on_interaction&quot;:&quot;yes&quot;,&quot;autoplay_speed&quot;:5000,&quot;infinite&quot;:&quot;yes&quot;,&quot;effect&quot;:&quot;slide&quot;,&quot;speed&quot;:500}\" data-widget_type=\"image-carousel.default\">\n\t\t\t\t<div class=\"elementor-widget-container\">\n\t\t\t\t\t\t\t<div class=\"elementor-image-carousel-wrapper swiper\" role=\"region\" aria-roledescription=\"carousel\" aria-label=\"Carrusel de im\u00e1genes\" dir=\"ltr\">\n\t\t\t<div class=\"elementor-image-carousel swiper-wrapper\" aria-live=\"off\">\n\t\t\t\t\t\t\t\t<div class=\"swiper-slide\" role=\"group\" aria-roledescription=\"slide\" aria-label=\"1 de 12\" data-no-translation-aria-label=\"\"><figure class=\"swiper-slide-inner\"><img decoding=\"async\" class=\"swiper-slide-image\" src=\"https:\/\/www.museosdemequinenza.com\/wp-content\/uploads\/2017\/01\/Museo-de-la-mina4.jpg\" alt=\"Museo-de-la-mina4\" \/><\/figure><\/div><div class=\"swiper-slide\" role=\"group\" aria-roledescription=\"slide\" aria-label=\"2 de 12\" data-no-translation-aria-label=\"\"><figure class=\"swiper-slide-inner\"><img decoding=\"async\" class=\"swiper-slide-image\" src=\"https:\/\/www.museosdemequinenza.com\/wp-content\/uploads\/2017\/01\/Museo-de-la-mina5.jpg\" alt=\"Museo-de-la-mina5\" \/><\/figure><\/div><div class=\"swiper-slide\" role=\"group\" aria-roledescription=\"slide\" aria-label=\"3 de 12\" data-no-translation-aria-label=\"\"><figure class=\"swiper-slide-inner\"><img decoding=\"async\" class=\"swiper-slide-image\" src=\"https:\/\/www.museosdemequinenza.com\/wp-content\/uploads\/2017\/01\/museo-de-la-mina6.jpg\" alt=\"museo-de-la-mina6\" \/><\/figure><\/div><div class=\"swiper-slide\" role=\"group\" aria-roledescription=\"slide\" aria-label=\"4 de 12\" data-no-translation-aria-label=\"\"><figure class=\"swiper-slide-inner\"><img decoding=\"async\" class=\"swiper-slide-image\" src=\"https:\/\/www.museosdemequinenza.com\/wp-content\/uploads\/2017\/01\/Museo-de-la-mina8.jpg\" alt=\"Museo-de-la-mina8\" \/><\/figure><\/div><div class=\"swiper-slide\" role=\"group\" aria-roledescription=\"slide\" aria-label=\"5 de 12\" data-no-translation-aria-label=\"\"><figure class=\"swiper-slide-inner\"><img decoding=\"async\" class=\"swiper-slide-image\" src=\"https:\/\/www.museosdemequinenza.com\/wp-content\/uploads\/2017\/01\/Museo-de-la-mina7.jpg\" alt=\"Museo-de-la-mina7\" \/><\/figure><\/div><div class=\"swiper-slide\" role=\"group\" aria-roledescription=\"slide\" aria-label=\"6 de 12\" data-no-translation-aria-label=\"\"><figure class=\"swiper-slide-inner\"><img decoding=\"async\" class=\"swiper-slide-image\" src=\"https:\/\/www.museosdemequinenza.com\/wp-content\/uploads\/2017\/01\/Museo-de-la-mina9.jpg\" alt=\"Museo-de-la-mina9\" \/><\/figure><\/div><div class=\"swiper-slide\" role=\"group\" aria-roledescription=\"slide\" aria-label=\"7 de 12\" data-no-translation-aria-label=\"\"><figure class=\"swiper-slide-inner\"><img decoding=\"async\" class=\"swiper-slide-image\" src=\"https:\/\/www.museosdemequinenza.com\/wp-content\/uploads\/2017\/01\/Museo-de-la-mina10.jpg\" alt=\"Museo-de-la-mina10\" \/><\/figure><\/div><div class=\"swiper-slide\" role=\"group\" aria-roledescription=\"slide\" aria-label=\"8 de 12\" data-no-translation-aria-label=\"\"><figure class=\"swiper-slide-inner\"><img decoding=\"async\" class=\"swiper-slide-image\" src=\"https:\/\/www.museosdemequinenza.com\/wp-content\/uploads\/2017\/01\/Museo-de-la-mina11.jpg\" alt=\"Museo-de-la-mina11\" \/><\/figure><\/div><div class=\"swiper-slide\" role=\"group\" aria-roledescription=\"slide\" aria-label=\"9 de 12\" data-no-translation-aria-label=\"\"><figure class=\"swiper-slide-inner\"><img decoding=\"async\" class=\"swiper-slide-image\" src=\"https:\/\/www.museosdemequinenza.com\/wp-content\/uploads\/2017\/01\/Museo-de-la-mina12.jpg\" alt=\"Museo-de-la-mina12\" \/><\/figure><\/div><div class=\"swiper-slide\" role=\"group\" aria-roledescription=\"slide\" aria-label=\"10 de 12\" data-no-translation-aria-label=\"\"><figure class=\"swiper-slide-inner\"><img decoding=\"async\" class=\"swiper-slide-image\" src=\"https:\/\/www.museosdemequinenza.com\/wp-content\/uploads\/2017\/01\/Museo-de-la-mina13.jpg\" alt=\"Museo-de-la-mina13\" \/><\/figure><\/div><div class=\"swiper-slide\" role=\"group\" aria-roledescription=\"slide\" aria-label=\"11 de 12\" data-no-translation-aria-label=\"\"><figure class=\"swiper-slide-inner\"><img decoding=\"async\" class=\"swiper-slide-image\" src=\"https:\/\/www.museosdemequinenza.com\/wp-content\/uploads\/2017\/01\/Museo-de-la-mina14.jpg\" alt=\"Museo-de-la-mina14\" \/><\/figure><\/div><div class=\"swiper-slide\" role=\"group\" aria-roledescription=\"slide\" aria-label=\"12 de 12\" data-no-translation-aria-label=\"\"><figure class=\"swiper-slide-inner\"><img decoding=\"async\" class=\"swiper-slide-image\" src=\"https:\/\/www.museosdemequinenza.com\/wp-content\/uploads\/2017\/01\/Museo-de-la-mina-15.jpg\" alt=\"Museo-de-la-mina-15\" \/><\/figure><\/div>\t\t\t<\/div>\n\t\t\t\t\t\t\t\t\t\t\t\t<div class=\"elementor-swiper-button elementor-swiper-button-prev\" role=\"button\" tabindex=\"0\">\n\t\t\t\t\t\t<i aria-hidden=\"true\" class=\"eicon-chevron-left\"><\/i>\t\t\t\t\t<\/div>\n\t\t\t\t\t<div class=\"elementor-swiper-button elementor-swiper-button-next\" role=\"button\" tabindex=\"0\">\n\t\t\t\t\t\t<i aria-hidden=\"true\" class=\"eicon-chevron-right\"><\/i>\t\t\t\t\t<\/div>\n\t\t\t\t\n\t\t\t\t\t\t\t\t\t<\/div>\n\t\t\t\t\t\t<\/div>\n\t\t\t\t<\/div>\n\t\t\t\t\t<\/div>\n\t\t<\/div>\n\t\t\t\t<div class=\"elementor-column elementor-col-50 elementor-inner-column elementor-element elementor-element-9a7c1fa\" data-id=\"9a7c1fa\" data-element_type=\"column\" data-e-type=\"column\">\n\t\t\t<div class=\"elementor-widget-wrap elementor-element-populated\">\n\t\t\t\t\t\t<div class=\"elementor-element elementor-element-bba2d32 elementor-widget elementor-widget-google_maps\" data-id=\"bba2d32\" data-element_type=\"widget\" data-e-type=\"widget\" data-widget_type=\"google_maps.default\">\n\t\t\t\t<div class=\"elementor-widget-container\">\n\t\t\t\t\t\t\t<div class=\"elementor-custom-embed\">\n\t\t\t<iframe loading=\"lazy\"\n\t\t\t\t\tsrc=\"https:\/\/maps.google.com\/maps?q=Museo%20de%20la%20Mina%20Mequinenza&#038;t=m&#038;z=13&#038;output=embed&#038;iwloc=near\"\n\t\t\t\t\ttitle=\"Museo de la Mina Mequinenza\"\n\t\t\t\t\taria-label=\"Museo de la Mina Mequinenza\"\n\t\t\t><\/iframe>\n\t\t<\/div>\n\t\t\t\t\t\t<\/div>\n\t\t\t\t<\/div>\n\t\t\t\t\t<\/div>\n\t\t<\/div>\n\t\t\t\t\t<\/div>\n\t\t<\/section>\n\t\t\t\t\t<\/div>\n\t\t<\/div>\n\t\t\t\t\t<\/div>\n\t\t<\/section>\n\t\t\t\t<\/div>","protected":false},"excerpt":{"rendered":"<p>La historia de Mequinenza est\u00e1 profundamente ligada a la miner\u00eda del carb\u00f3n, una actividad que marc\u00f3 su desarrollo econ\u00f3mico y social. El Museo de la Mina de Mequinenza permite adentrarse en esta historia y descubrir los secretos de la extracci\u00f3n del lignito en la Cuenca Minera de Mequinenza. Caracter\u00edsticas Geol\u00f3gicas La cuenca se encuentra en<\/p>\n<p><a href=\"https:\/\/www.museosdemequinenza.com\/ca\/la-mineria-en-mequinenza\/\" class=\"more-link themebutton\">Read More<\/a><\/p>","protected":false},"author":1,"featured_media":11947,"parent":0,"menu_order":0,"comment_status":"closed","ping_status":"closed","template":"","meta":{"_monsterinsights_skip_tracking":false,"_monsterinsights_sitenote_active":false,"_monsterinsights_sitenote_note":"","_monsterinsights_sitenote_category":0,"footnotes":""},"class_list":["post-11946","page","type-page","status-publish","has-post-thumbnail","hentry"],"aioseo_notices":[],"_links":{"self":[{"href":"https:\/\/www.museosdemequinenza.com\/ca\/wp-json\/wp\/v2\/pages\/11946","targetHints":{"allow":["GET"]}}],"collection":[{"href":"https:\/\/www.museosdemequinenza.com\/ca\/wp-json\/wp\/v2\/pages"}],"about":[{"href":"https:\/\/www.museosdemequinenza.com\/ca\/wp-json\/wp\/v2\/types\/page"}],"author":[{"embeddable":true,"href":"https:\/\/www.museosdemequinenza.com\/ca\/wp-json\/wp\/v2\/users\/1"}],"replies":[{"embeddable":true,"href":"https:\/\/www.museosdemequinenza.com\/ca\/wp-json\/wp\/v2\/comments?post=11946"}],"version-history":[{"count":15,"href":"https:\/\/www.museosdemequinenza.com\/ca\/wp-json\/wp\/v2\/pages\/11946\/revisions"}],"predecessor-version":[{"id":11983,"href":"https:\/\/www.museosdemequinenza.com\/ca\/wp-json\/wp\/v2\/pages\/11946\/revisions\/11983"}],"wp:featuredmedia":[{"embeddable":true,"href":"https:\/\/www.museosdemequinenza.com\/ca\/wp-json\/wp\/v2\/media\/11947"}],"wp:attachment":[{"href":"https:\/\/www.museosdemequinenza.com\/ca\/wp-json\/wp\/v2\/media?parent=11946"}],"curies":[{"name":"wp","href":"https:\/\/api.w.org\/{rel}","templated":true}]}}