{"id":12652,"date":"2025-05-30T12:51:15","date_gmt":"2025-05-30T10:51:15","guid":{"rendered":"http:\/\/www.museosdemequinenza.com\/wp-content\/uploads\/2025\/05\/Lacte-de-celebracio-dels-vint-anys-dEspais-Escrits-en-imatges.Gracies-a-tots-per-venir-i-fer-ho-possible.-Vint-anys-vertebrant-el-patrimoni-literari-catala.jpg"},"modified":"2025-05-30T12:51:15","modified_gmt":"2025-05-30T10:51:15","slug":"lacte-de-celebracio-dels-vint-anys-despais-escrits-en-imatges-gracies-a-tots-per-venir-i-fer-ho-possible-vint-anys-vertebrant-el-patrimoni-literari-catala","status":"inherit","type":"attachment","link":"https:\/\/www.museosdemequinenza.com\/ca\/espais-escrits-la-xarxa-de-patrimoni-literari-catala-celebra-los-20-anos-en-un-acto-en-el-palau-requesens-de-barcelona\/lacte-de-celebracio-dels-vint-anys-despais-escrits-en-imatges-gracies-a-tots-per-venir-i-fer-ho-possible-vint-anys-vertebrant-el-patrimoni-literari-catala\/#main","title":{"rendered":"L&#8217;acte de celebraci\u00f3 dels vint anys d&#8217;Espais Escrits en imatges.Gr\u00e0cies a tots per venir i fer-ho possible. Vint anys vertebrant el patrimoni literari catal\u00e0!"},"author":1,"featured_media":0,"comment_status":"closed","ping_status":"closed","template":"","meta":{"_monsterinsights_skip_tracking":false,"_monsterinsights_sitenote_active":false,"_monsterinsights_sitenote_note":"","_monsterinsights_sitenote_category":0},"class_list":["post-12652","attachment","type-attachment","status-inherit","hentry"],"aioseo_notices":[],"description":{"rendered":"<p class=\"attachment\"><a href='https:\/\/www.museosdemequinenza.com\/wp-content\/uploads\/2025\/05\/Lacte-de-celebracio-dels-vint-anys-dEspais-Escrits-en-imatges.Gracies-a-tots-per-venir-i-fer-ho-possible.-Vint-anys-vertebrant-el-patrimoni-literari-catala.jpg'><img fetchpriority=\"high\" decoding=\"async\" width=\"300\" height=\"200\" src=\"https:\/\/www.museosdemequinenza.com\/wp-content\/uploads\/2025\/05\/Lacte-de-celebracio-dels-vint-anys-dEspais-Escrits-en-imatges.Gracies-a-tots-per-venir-i-fer-ho-possible.-Vint-anys-vertebrant-el-patrimoni-literari-catala-300x200.jpg\" class=\"attachment-medium size-medium\" alt=\"\" srcset=\"https:\/\/www.museosdemequinenza.com\/wp-content\/uploads\/2025\/05\/Lacte-de-celebracio-dels-vint-anys-dEspais-Escrits-en-imatges.Gracies-a-tots-per-venir-i-fer-ho-possible.-Vint-anys-vertebrant-el-patrimoni-literari-catala-300x200.jpg 300w, https:\/\/www.museosdemequinenza.com\/wp-content\/uploads\/2025\/05\/Lacte-de-celebracio-dels-vint-anys-dEspais-Escrits-en-imatges.Gracies-a-tots-per-venir-i-fer-ho-possible.-Vint-anys-vertebrant-el-patrimoni-literari-catala-1024x683.jpg 1024w, https:\/\/www.museosdemequinenza.com\/wp-content\/uploads\/2025\/05\/Lacte-de-celebracio-dels-vint-anys-dEspais-Escrits-en-imatges.Gracies-a-tots-per-venir-i-fer-ho-possible.-Vint-anys-vertebrant-el-patrimoni-literari-catala-768x512.jpg 768w, https:\/\/www.museosdemequinenza.com\/wp-content\/uploads\/2025\/05\/Lacte-de-celebracio-dels-vint-anys-dEspais-Escrits-en-imatges.Gracies-a-tots-per-venir-i-fer-ho-possible.-Vint-anys-vertebrant-el-patrimoni-literari-catala-18x12.jpg 18w, https:\/\/www.museosdemequinenza.com\/wp-content\/uploads\/2025\/05\/Lacte-de-celebracio-dels-vint-anys-dEspais-Escrits-en-imatges.Gracies-a-tots-per-venir-i-fer-ho-possible.-Vint-anys-vertebrant-el-patrimoni-literari-catala-570x380.jpg 570w, https:\/\/www.museosdemequinenza.com\/wp-content\/uploads\/2025\/05\/Lacte-de-celebracio-dels-vint-anys-dEspais-Escrits-en-imatges.Gracies-a-tots-per-venir-i-fer-ho-possible.-Vint-anys-vertebrant-el-patrimoni-literari-catala-380x254.jpg 380w, https:\/\/www.museosdemequinenza.com\/wp-content\/uploads\/2025\/05\/Lacte-de-celebracio-dels-vint-anys-dEspais-Escrits-en-imatges.Gracies-a-tots-per-venir-i-fer-ho-possible.-Vint-anys-vertebrant-el-patrimoni-literari-catala-285x190.jpg 285w, https:\/\/www.museosdemequinenza.com\/wp-content\/uploads\/2025\/05\/Lacte-de-celebracio-dels-vint-anys-dEspais-Escrits-en-imatges.Gracies-a-tots-per-venir-i-fer-ho-possible.-Vint-anys-vertebrant-el-patrimoni-literari-catala.jpg 1080w\" sizes=\"(max-width: 300px) 100vw, 300px\" \/><\/a><\/p>\n"},"caption":{"rendered":""},"alt_text":"","media_type":"image","mime_type":"image\/jpeg","media_details":{"width":1080,"height":720,"file":"2025\/05\/Lacte-de-celebracio-dels-vint-anys-dEspais-Escrits-en-imatges.Gracies-a-tots-per-venir-i-fer-ho-possible.-Vint-anys-vertebrant-el-patrimoni-literari-catala.jpg","filesize":133935,"sizes":{"medium":{"file":"Lacte-de-celebracio-dels-vint-anys-dEspais-Escrits-en-imatges.Gracies-a-tots-per-venir-i-fer-ho-possible.-Vint-anys-vertebrant-el-patrimoni-literari-catala-300x200.jpg","width":300,"height":200,"filesize":20685,"mime_type":"image\/jpeg","source_url":"https:\/\/www.museosdemequinenza.com\/wp-content\/uploads\/2025\/05\/Lacte-de-celebracio-dels-vint-anys-dEspais-Escrits-en-imatges.Gracies-a-tots-per-venir-i-fer-ho-possible.-Vint-anys-vertebrant-el-patrimoni-literari-catala-300x200.jpg"},"large":{"file":"Lacte-de-celebracio-dels-vint-anys-dEspais-Escrits-en-imatges.Gracies-a-tots-per-venir-i-fer-ho-possible.-Vint-anys-vertebrant-el-patrimoni-literari-catala-1024x683.jpg","width":1024,"height":683,"filesize":137708,"mime_type":"image\/jpeg","source_url":"https:\/\/www.museosdemequinenza.com\/wp-content\/uploads\/2025\/05\/Lacte-de-celebracio-dels-vint-anys-dEspais-Escrits-en-imatges.Gracies-a-tots-per-venir-i-fer-ho-possible.-Vint-anys-vertebrant-el-patrimoni-literari-catala-1024x683.jpg"},"thumbnail":{"file":"Lacte-de-celebracio-dels-vint-anys-dEspais-Escrits-en-imatges.Gracies-a-tots-per-venir-i-fer-ho-possible.-Vint-anys-vertebrant-el-patrimoni-literari-catala-150x150.jpg","width":150,"height":150,"filesize":9345,"mime_type":"image\/jpeg","source_url":"https:\/\/www.museosdemequinenza.com\/wp-content\/uploads\/2025\/05\/Lacte-de-celebracio-dels-vint-anys-dEspais-Escrits-en-imatges.Gracies-a-tots-per-venir-i-fer-ho-possible.-Vint-anys-vertebrant-el-patrimoni-literari-catala-150x150.jpg"},"medium_large":{"file":"Lacte-de-celebracio-dels-vint-anys-dEspais-Escrits-en-imatges.Gracies-a-tots-per-venir-i-fer-ho-possible.-Vint-anys-vertebrant-el-patrimoni-literari-catala-768x512.jpg","width":768,"height":512,"filesize":90192,"mime_type":"image\/jpeg","source_url":"https:\/\/www.museosdemequinenza.com\/wp-content\/uploads\/2025\/05\/Lacte-de-celebracio-dels-vint-anys-dEspais-Escrits-en-imatges.Gracies-a-tots-per-venir-i-fer-ho-possible.-Vint-anys-vertebrant-el-patrimoni-literari-catala-768x512.jpg"},"trp-custom-language-flag":{"file":"Lacte-de-celebracio-dels-vint-anys-dEspais-Escrits-en-imatges.Gracies-a-tots-per-venir-i-fer-ho-possible.-Vint-anys-vertebrant-el-patrimoni-literari-catala-18x12.jpg","width":18,"height":12,"filesize":850,"mime_type":"image\/jpeg","source_url":"https:\/\/www.museosdemequinenza.com\/wp-content\/uploads\/2025\/05\/Lacte-de-celebracio-dels-vint-anys-dEspais-Escrits-en-imatges.Gracies-a-tots-per-venir-i-fer-ho-possible.-Vint-anys-vertebrant-el-patrimoni-literari-catala-18x12.jpg"},"column1-1\/3":{"file":"Lacte-de-celebracio-dels-vint-anys-dEspais-Escrits-en-imatges.Gracies-a-tots-per-venir-i-fer-ho-possible.-Vint-anys-vertebrant-el-patrimoni-literari-catala-1080x380.jpg","width":1080,"height":380,"filesize":86727,"mime_type":"image\/jpeg","source_url":"https:\/\/www.museosdemequinenza.com\/wp-content\/uploads\/2025\/05\/Lacte-de-celebracio-dels-vint-anys-dEspais-Escrits-en-imatges.Gracies-a-tots-per-venir-i-fer-ho-possible.-Vint-anys-vertebrant-el-patrimoni-literari-catala-1080x380.jpg"},"column1-1\/4":{"file":"Lacte-de-celebracio-dels-vint-anys-dEspais-Escrits-en-imatges.Gracies-a-tots-per-venir-i-fer-ho-possible.-Vint-anys-vertebrant-el-patrimoni-literari-catala-1080x285.jpg","width":1080,"height":285,"filesize":65432,"mime_type":"image\/jpeg","source_url":"https:\/\/www.museosdemequinenza.com\/wp-content\/uploads\/2025\/05\/Lacte-de-celebracio-dels-vint-anys-dEspais-Escrits-en-imatges.Gracies-a-tots-per-venir-i-fer-ho-possible.-Vint-anys-vertebrant-el-patrimoni-literari-catala-1080x285.jpg"},"column1-2\/5":{"file":"Lacte-de-celebracio-dels-vint-anys-dEspais-Escrits-en-imatges.Gracies-a-tots-per-venir-i-fer-ho-possible.-Vint-anys-vertebrant-el-patrimoni-literari-catala-1080x456.jpg","width":1080,"height":456,"filesize":103372,"mime_type":"image\/jpeg","source_url":"https:\/\/www.museosdemequinenza.com\/wp-content\/uploads\/2025\/05\/Lacte-de-celebracio-dels-vint-anys-dEspais-Escrits-en-imatges.Gracies-a-tots-per-venir-i-fer-ho-possible.-Vint-anys-vertebrant-el-patrimoni-literari-catala-1080x456.jpg"},"column2-1\/1":{"file":"Lacte-de-celebracio-dels-vint-anys-dEspais-Escrits-en-imatges.Gracies-a-tots-per-venir-i-fer-ho-possible.-Vint-anys-vertebrant-el-patrimoni-literari-catala-570x570.jpg","width":570,"height":570,"filesize":74955,"mime_type":"image\/jpeg","source_url":"https:\/\/www.museosdemequinenza.com\/wp-content\/uploads\/2025\/05\/Lacte-de-celebracio-dels-vint-anys-dEspais-Escrits-en-imatges.Gracies-a-tots-per-venir-i-fer-ho-possible.-Vint-anys-vertebrant-el-patrimoni-literari-catala-570x570.jpg"},"column2-1\/2":{"file":"Lacte-de-celebracio-dels-vint-anys-dEspais-Escrits-en-imatges.Gracies-a-tots-per-venir-i-fer-ho-possible.-Vint-anys-vertebrant-el-patrimoni-literari-catala-570x285.jpg","width":570,"height":285,"filesize":45557,"mime_type":"image\/jpeg","source_url":"https:\/\/www.museosdemequinenza.com\/wp-content\/uploads\/2025\/05\/Lacte-de-celebracio-dels-vint-anys-dEspais-Escrits-en-imatges.Gracies-a-tots-per-venir-i-fer-ho-possible.-Vint-anys-vertebrant-el-patrimoni-literari-catala-570x285.jpg"},"column2-2\/3":{"file":"Lacte-de-celebracio-dels-vint-anys-dEspais-Escrits-en-imatges.Gracies-a-tots-per-venir-i-fer-ho-possible.-Vint-anys-vertebrant-el-patrimoni-literari-catala-570x380.jpg","width":570,"height":380,"filesize":58058,"mime_type":"image\/jpeg","source_url":"https:\/\/www.museosdemequinenza.com\/wp-content\/uploads\/2025\/05\/Lacte-de-celebracio-dels-vint-anys-dEspais-Escrits-en-imatges.Gracies-a-tots-per-venir-i-fer-ho-possible.-Vint-anys-vertebrant-el-patrimoni-literari-catala-570x380.jpg"},"column2-3\/5":{"file":"Lacte-de-celebracio-dels-vint-anys-dEspais-Escrits-en-imatges.Gracies-a-tots-per-venir-i-fer-ho-possible.-Vint-anys-vertebrant-el-patrimoni-literari-catala-570x342.jpg","width":570,"height":342,"filesize":53139,"mime_type":"image\/jpeg","source_url":"https:\/\/www.museosdemequinenza.com\/wp-content\/uploads\/2025\/05\/Lacte-de-celebracio-dels-vint-anys-dEspais-Escrits-en-imatges.Gracies-a-tots-per-venir-i-fer-ho-possible.-Vint-anys-vertebrant-el-patrimoni-literari-catala-570x342.jpg"},"column3-1\/1":{"file":"Lacte-de-celebracio-dels-vint-anys-dEspais-Escrits-en-imatges.Gracies-a-tots-per-venir-i-fer-ho-possible.-Vint-anys-vertebrant-el-patrimoni-literari-catala-380x380.jpg","width":380,"height":380,"filesize":40860,"mime_type":"image\/jpeg","source_url":"https:\/\/www.museosdemequinenza.com\/wp-content\/uploads\/2025\/05\/Lacte-de-celebracio-dels-vint-anys-dEspais-Escrits-en-imatges.Gracies-a-tots-per-venir-i-fer-ho-possible.-Vint-anys-vertebrant-el-patrimoni-literari-catala-380x380.jpg"},"column3-1\/2":{"file":"Lacte-de-celebracio-dels-vint-anys-dEspais-Escrits-en-imatges.Gracies-a-tots-per-venir-i-fer-ho-possible.-Vint-anys-vertebrant-el-patrimoni-literari-catala-380x190.jpg","width":380,"height":190,"filesize":24067,"mime_type":"image\/jpeg","source_url":"https:\/\/www.museosdemequinenza.com\/wp-content\/uploads\/2025\/05\/Lacte-de-celebracio-dels-vint-anys-dEspais-Escrits-en-imatges.Gracies-a-tots-per-venir-i-fer-ho-possible.-Vint-anys-vertebrant-el-patrimoni-literari-catala-380x190.jpg"},"column3-1\/3":{"file":"Lacte-de-celebracio-dels-vint-anys-dEspais-Escrits-en-imatges.Gracies-a-tots-per-venir-i-fer-ho-possible.-Vint-anys-vertebrant-el-patrimoni-literari-catala-380x127.jpg","width":380,"height":127,"filesize":16426,"mime_type":"image\/jpeg","source_url":"https:\/\/www.museosdemequinenza.com\/wp-content\/uploads\/2025\/05\/Lacte-de-celebracio-dels-vint-anys-dEspais-Escrits-en-imatges.Gracies-a-tots-per-venir-i-fer-ho-possible.-Vint-anys-vertebrant-el-patrimoni-literari-catala-380x127.jpg"},"column3-2\/3":{"file":"Lacte-de-celebracio-dels-vint-anys-dEspais-Escrits-en-imatges.Gracies-a-tots-per-venir-i-fer-ho-possible.-Vint-anys-vertebrant-el-patrimoni-literari-catala-380x254.jpg","width":380,"height":254,"filesize":30394,"mime_type":"image\/jpeg","source_url":"https:\/\/www.museosdemequinenza.com\/wp-content\/uploads\/2025\/05\/Lacte-de-celebracio-dels-vint-anys-dEspais-Escrits-en-imatges.Gracies-a-tots-per-venir-i-fer-ho-possible.-Vint-anys-vertebrant-el-patrimoni-literari-catala-380x254.jpg"},"column4-1\/1":{"file":"Lacte-de-celebracio-dels-vint-anys-dEspais-Escrits-en-imatges.Gracies-a-tots-per-venir-i-fer-ho-possible.-Vint-anys-vertebrant-el-patrimoni-literari-catala-285x285.jpg","width":285,"height":285,"filesize":25903,"mime_type":"image\/jpeg","source_url":"https:\/\/www.museosdemequinenza.com\/wp-content\/uploads\/2025\/05\/Lacte-de-celebracio-dels-vint-anys-dEspais-Escrits-en-imatges.Gracies-a-tots-per-venir-i-fer-ho-possible.-Vint-anys-vertebrant-el-patrimoni-literari-catala-285x285.jpg"},"column4-1\/2":{"file":"Lacte-de-celebracio-dels-vint-anys-dEspais-Escrits-en-imatges.Gracies-a-tots-per-venir-i-fer-ho-possible.-Vint-anys-vertebrant-el-patrimoni-literari-catala-285x143.jpg","width":285,"height":143,"filesize":15205,"mime_type":"image\/jpeg","source_url":"https:\/\/www.museosdemequinenza.com\/wp-content\/uploads\/2025\/05\/Lacte-de-celebracio-dels-vint-anys-dEspais-Escrits-en-imatges.Gracies-a-tots-per-venir-i-fer-ho-possible.-Vint-anys-vertebrant-el-patrimoni-literari-catala-285x143.jpg"},"column4-2\/3":{"file":"Lacte-de-celebracio-dels-vint-anys-dEspais-Escrits-en-imatges.Gracies-a-tots-per-venir-i-fer-ho-possible.-Vint-anys-vertebrant-el-patrimoni-literari-catala-285x190.jpg","width":285,"height":190,"filesize":19001,"mime_type":"image\/jpeg","source_url":"https:\/\/www.museosdemequinenza.com\/wp-content\/uploads\/2025\/05\/Lacte-de-celebracio-dels-vint-anys-dEspais-Escrits-en-imatges.Gracies-a-tots-per-venir-i-fer-ho-possible.-Vint-anys-vertebrant-el-patrimoni-literari-catala-285x190.jpg"},"full":{"file":"Lacte-de-celebracio-dels-vint-anys-dEspais-Escrits-en-imatges.Gracies-a-tots-per-venir-i-fer-ho-possible.-Vint-anys-vertebrant-el-patrimoni-literari-catala.jpg","width":1080,"height":720,"mime_type":"image\/jpeg","source_url":"https:\/\/www.museosdemequinenza.com\/wp-content\/uploads\/2025\/05\/Lacte-de-celebracio-dels-vint-anys-dEspais-Escrits-en-imatges.Gracies-a-tots-per-venir-i-fer-ho-possible.-Vint-anys-vertebrant-el-patrimoni-literari-catala.jpg"}},"image_meta":{"aperture":"0","credit":"","camera":"","caption":"","created_timestamp":"0","copyright":"","focal_length":"0","iso":"0","shutter_speed":"0","title":"","orientation":"0","keywords":[]}},"post":12651,"source_url":"https:\/\/www.museosdemequinenza.com\/wp-content\/uploads\/2025\/05\/Lacte-de-celebracio-dels-vint-anys-dEspais-Escrits-en-imatges.Gracies-a-tots-per-venir-i-fer-ho-possible.-Vint-anys-vertebrant-el-patrimoni-literari-catala.jpg","_links":{"self":[{"href":"https:\/\/www.museosdemequinenza.com\/ca\/wp-json\/wp\/v2\/media\/12652","targetHints":{"allow":["GET"]}}],"collection":[{"href":"https:\/\/www.museosdemequinenza.com\/ca\/wp-json\/wp\/v2\/media"}],"about":[{"href":"https:\/\/www.museosdemequinenza.com\/ca\/wp-json\/wp\/v2\/types\/attachment"}],"author":[{"embeddable":true,"href":"https:\/\/www.museosdemequinenza.com\/ca\/wp-json\/wp\/v2\/users\/1"}],"replies":[{"embeddable":true,"href":"https:\/\/www.museosdemequinenza.com\/ca\/wp-json\/wp\/v2\/comments?post=12652"}],"wp:attached-to":[{"embeddable":true,"post_type":"post","id":12651,"href":"https:\/\/www.museosdemequinenza.com\/ca\/wp-json\/wp\/v2\/posts\/12651"}],"curies":[{"name":"wp","href":"https:\/\/api.w.org\/{rel}","templated":true}]}}