{"id":12219,"date":"2025-04-02T12:24:45","date_gmt":"2025-04-02T10:24:45","guid":{"rendered":"https:\/\/www.museosdemequinenza.com\/?page_id=12219"},"modified":"2025-04-07T12:15:57","modified_gmt":"2025-04-07T10:15:57","slug":"folletos-turisticos","status":"publish","type":"page","link":"http:\/\/www.museosdemequinenza.com\/ca\/folletos-turisticos\/","title":{"rendered":"Folletos Tur\u00edsticos"},"content":{"rendered":"<div data-elementor-type=\"wp-page\" data-elementor-id=\"12219\" class=\"elementor elementor-12219\">\n\t\t\t\t\t\t<section class=\"elementor-section elementor-top-section elementor-element elementor-element-17f5444 elementor-section-boxed elementor-section-height-default elementor-section-height-default\" data-id=\"17f5444\" data-element_type=\"section\" data-e-type=\"section\">\n\t\t\t\t\t\t<div class=\"elementor-container elementor-column-gap-default\">\n\t\t\t\t\t<div class=\"elementor-column elementor-col-100 elementor-top-column elementor-element elementor-element-341a213\" data-id=\"341a213\" data-element_type=\"column\" data-e-type=\"column\">\n\t\t\t<div class=\"elementor-widget-wrap elementor-element-populated\">\n\t\t\t\t\t\t<div class=\"elementor-element elementor-element-97952e8 elementor-widget elementor-widget-image\" data-id=\"97952e8\" data-element_type=\"widget\" data-e-type=\"widget\" data-widget_type=\"image.default\">\n\t\t\t\t<div class=\"elementor-widget-container\">\n\t\t\t\t\t\t\t\t\t\t\t\t\t\t\t<img fetchpriority=\"high\" decoding=\"async\" width=\"1024\" height=\"379\" src=\"https:\/\/www.museosdemequinenza.com\/wp-content\/uploads\/2025\/04\/confluencia-aiguabarreig-mequinensa-1024x379.png\" class=\"attachment-large size-large wp-image-12239\" alt=\"\" srcset=\"https:\/\/www.museosdemequinenza.com\/wp-content\/uploads\/2025\/04\/confluencia-aiguabarreig-mequinensa-1024x379.png 1024w, https:\/\/www.museosdemequinenza.com\/wp-content\/uploads\/2025\/04\/confluencia-aiguabarreig-mequinensa-300x111.png 300w, https:\/\/www.museosdemequinenza.com\/wp-content\/uploads\/2025\/04\/confluencia-aiguabarreig-mequinensa-768x284.png 768w, https:\/\/www.museosdemequinenza.com\/wp-content\/uploads\/2025\/04\/confluencia-aiguabarreig-mequinensa-1536x568.png 1536w, https:\/\/www.museosdemequinenza.com\/wp-content\/uploads\/2025\/04\/confluencia-aiguabarreig-mequinensa-2048x758.png 2048w, https:\/\/www.museosdemequinenza.com\/wp-content\/uploads\/2025\/04\/confluencia-aiguabarreig-mequinensa-18x7.png 18w\" sizes=\"(max-width: 1024px) 100vw, 1024px\" \/>\t\t\t\t\t\t\t\t\t\t\t\t\t\t\t<\/div>\n\t\t\t\t<\/div>\n\t\t\t\t<div class=\"elementor-element elementor-element-b7cbed7 elementor-widget elementor-widget-heading\" data-id=\"b7cbed7\" data-element_type=\"widget\" data-e-type=\"widget\" data-widget_type=\"heading.default\">\n\t\t\t\t<div class=\"elementor-widget-container\">\n\t\t\t\t\t<h1 class=\"elementor-heading-title elementor-size-default\">Mequinensa<\/h1>\t\t\t\t<\/div>\n\t\t\t\t<\/div>\n\t\t\t\t\t<\/div>\n\t\t<\/div>\n\t\t\t\t\t<\/div>\n\t\t<\/section>\n\t\t\t\t<section class=\"elementor-section elementor-top-section elementor-element elementor-element-8e3d155 elementor-section-boxed elementor-section-height-default elementor-section-height-default\" data-id=\"8e3d155\" data-element_type=\"section\" data-e-type=\"section\">\n\t\t\t\t\t\t<div class=\"elementor-container elementor-column-gap-default\">\n\t\t\t\t\t<div class=\"elementor-column elementor-col-100 elementor-top-column elementor-element elementor-element-f0c3dec\" data-id=\"f0c3dec\" data-element_type=\"column\" data-e-type=\"column\">\n\t\t\t<div class=\"elementor-widget-wrap elementor-element-populated\">\n\t\t\t\t\t\t<div class=\"elementor-element elementor-element-30c9ffd elementor-position-left elementor-vertical-align-top elementor-widget elementor-widget-image-box\" data-id=\"30c9ffd\" data-element_type=\"widget\" data-e-type=\"widget\" data-widget_type=\"image-box.default\">\n\t\t\t\t<div class=\"elementor-widget-container\">\n\t\t\t\t\t<div class=\"elementor-image-box-wrapper\"><figure class=\"elementor-image-box-img\"><a href=\"https:\/\/www.museosdemequinenza.com\/wp-content\/uploads\/2025\/04\/PLANO-TURISTICO_compressed.pdf\" target=\"_blank\" tabindex=\"-1\"><img decoding=\"async\" width=\"1237\" height=\"768\" src=\"https:\/\/www.museosdemequinenza.com\/wp-content\/uploads\/2025\/04\/plano_esp.jpg\" class=\"attachment-full size-full wp-image-12237\" alt=\"\" srcset=\"https:\/\/www.museosdemequinenza.com\/wp-content\/uploads\/2025\/04\/plano_esp.jpg 1237w, https:\/\/www.museosdemequinenza.com\/wp-content\/uploads\/2025\/04\/plano_esp-300x186.jpg 300w, https:\/\/www.museosdemequinenza.com\/wp-content\/uploads\/2025\/04\/plano_esp-1024x636.jpg 1024w, https:\/\/www.museosdemequinenza.com\/wp-content\/uploads\/2025\/04\/plano_esp-768x477.jpg 768w, https:\/\/www.museosdemequinenza.com\/wp-content\/uploads\/2025\/04\/plano_esp-18x12.jpg 18w\" sizes=\"(max-width: 1237px) 100vw, 1237px\" \/><\/a><\/figure><div class=\"elementor-image-box-content\"><h3 class=\"elementor-image-box-title\"><a href=\"https:\/\/www.museosdemequinenza.com\/wp-content\/uploads\/2025\/04\/PLANO-TURISTICO_compressed.pdf\" target=\"_blank\">Plano tur\u00edstico de Mequinenza<\/a><\/h3><p class=\"elementor-image-box-description\">ESP | CAT | ENG\n\nMequinenza es un aut\u00e9ntico crisol de historia, naturaleza y culturas. D\u00e9jate seducir por su confluencia, por sus paisajes o por su naturaleza que te sorprender\u00e1n con m\u00faltiples experiencias.<\/p><\/div><\/div>\t\t\t\t<\/div>\n\t\t\t\t<\/div>\n\t\t\t\t<div class=\"elementor-element elementor-element-ef149d6 elementor-widget elementor-widget-spacer\" data-id=\"ef149d6\" data-element_type=\"widget\" data-e-type=\"widget\" data-widget_type=\"spacer.default\">\n\t\t\t\t<div class=\"elementor-widget-container\">\n\t\t\t\t\t\t\t<div class=\"elementor-spacer\">\n\t\t\t<div class=\"elementor-spacer-inner\"><\/div>\n\t\t<\/div>\n\t\t\t\t\t\t<\/div>\n\t\t\t\t<\/div>\n\t\t\t\t\t<\/div>\n\t\t<\/div>\n\t\t\t\t\t<\/div>\n\t\t<\/section>\n\t\t\t\t<section class=\"elementor-section elementor-top-section elementor-element elementor-element-d7a31d0 elementor-section-boxed elementor-section-height-default elementor-section-height-default\" data-id=\"d7a31d0\" data-element_type=\"section\" data-e-type=\"section\">\n\t\t\t\t\t\t<div class=\"elementor-container elementor-column-gap-default\">\n\t\t\t\t\t<div class=\"elementor-column elementor-col-100 elementor-top-column elementor-element elementor-element-0041ccf\" data-id=\"0041ccf\" data-element_type=\"column\" data-e-type=\"column\">\n\t\t\t<div class=\"elementor-widget-wrap elementor-element-populated\">\n\t\t\t\t\t\t<div class=\"elementor-element elementor-element-5c6f811 elementor-widget elementor-widget-heading\" data-id=\"5c6f811\" data-element_type=\"widget\" data-e-type=\"widget\" data-widget_type=\"heading.default\">\n\t\t\t\t<div class=\"elementor-widget-container\">\n\t\t\t\t\t<h1 class=\"elementor-heading-title elementor-size-default\">Museus de Mequinensa<\/h1>\t\t\t\t<\/div>\n\t\t\t\t<\/div>\n\t\t\t\t\t<\/div>\n\t\t<\/div>\n\t\t\t\t\t<\/div>\n\t\t<\/section>\n\t\t\t\t<section class=\"elementor-section elementor-top-section elementor-element elementor-element-471da60 elementor-section-boxed elementor-section-height-default elementor-section-height-default\" data-id=\"471da60\" data-element_type=\"section\" data-e-type=\"section\">\n\t\t\t\t\t\t<div class=\"elementor-container elementor-column-gap-default\">\n\t\t\t\t\t<div class=\"elementor-column elementor-col-100 elementor-top-column elementor-element elementor-element-5bd95fa\" data-id=\"5bd95fa\" data-element_type=\"column\" data-e-type=\"column\">\n\t\t\t<div class=\"elementor-widget-wrap elementor-element-populated\">\n\t\t\t\t\t\t<div class=\"elementor-element elementor-element-fcfe19c elementor-position-left elementor-vertical-align-top elementor-widget elementor-widget-image-box\" data-id=\"fcfe19c\" data-element_type=\"widget\" data-e-type=\"widget\" data-widget_type=\"image-box.default\">\n\t\t\t\t<div class=\"elementor-widget-container\">\n\t\t\t\t\t<div class=\"elementor-image-box-wrapper\"><figure class=\"elementor-image-box-img\"><a href=\"https:\/\/www.museosdemequinenza.com\/wp-content\/uploads\/2025\/04\/MuseosdeMequinenza_esp_compressed.pdf\" target=\"_blank\" tabindex=\"-1\"><img decoding=\"async\" width=\"471\" height=\"655\" src=\"https:\/\/www.museosdemequinenza.com\/wp-content\/uploads\/2025\/04\/museos_esp.jpg\" class=\"attachment-full size-full wp-image-12230\" alt=\"\" srcset=\"https:\/\/www.museosdemequinenza.com\/wp-content\/uploads\/2025\/04\/museos_esp.jpg 471w, https:\/\/www.museosdemequinenza.com\/wp-content\/uploads\/2025\/04\/museos_esp-216x300.jpg 216w, https:\/\/www.museosdemequinenza.com\/wp-content\/uploads\/2025\/04\/museos_esp-9x12.jpg 9w\" sizes=\"(max-width: 471px) 100vw, 471px\" \/><\/a><\/figure><div class=\"elementor-image-box-content\"><h3 class=\"elementor-image-box-title\"><a href=\"https:\/\/www.museosdemequinenza.com\/wp-content\/uploads\/2025\/04\/MuseosdeMequinenza_esp_compressed.pdf\" target=\"_blank\">Museus de Mequinensa<\/a><\/h3><p class=\"elementor-image-box-description\">ESP Un viaje \u00fanico a trav\u00e9s de la miner\u00eda, la historia, el patrimonio sumergido y el legado literario de Jes\u00fas Moncada, revelando un pueblo lleno de historias y paisajes sorprendentes.<\/p><\/div><\/div>\t\t\t\t<\/div>\n\t\t\t\t<\/div>\n\t\t\t\t\t<\/div>\n\t\t<\/div>\n\t\t\t\t\t<\/div>\n\t\t<\/section>\n\t\t\t\t<section class=\"elementor-section elementor-top-section elementor-element elementor-element-da2f11e elementor-section-boxed elementor-section-height-default elementor-section-height-default\" data-id=\"da2f11e\" data-element_type=\"section\" data-e-type=\"section\">\n\t\t\t\t\t\t<div class=\"elementor-container elementor-column-gap-default\">\n\t\t\t\t\t<div class=\"elementor-column elementor-col-100 elementor-top-column elementor-element elementor-element-89967ea\" data-id=\"89967ea\" data-element_type=\"column\" data-e-type=\"column\">\n\t\t\t<div class=\"elementor-widget-wrap elementor-element-populated\">\n\t\t\t\t\t\t<div class=\"elementor-element elementor-element-ee62ff7 elementor-position-left elementor-vertical-align-top elementor-widget elementor-widget-image-box\" data-id=\"ee62ff7\" data-element_type=\"widget\" data-e-type=\"widget\" data-widget_type=\"image-box.default\">\n\t\t\t\t<div class=\"elementor-widget-container\">\n\t\t\t\t\t<div class=\"elementor-image-box-wrapper\"><figure class=\"elementor-image-box-img\"><a href=\"https:\/\/www.museosdemequinenza.com\/wp-content\/uploads\/2025\/04\/Museus-de-Mequinensa_cat.pdf\" target=\"_blank\" tabindex=\"-1\"><img loading=\"lazy\" decoding=\"async\" width=\"438\" height=\"609\" src=\"https:\/\/www.museosdemequinenza.com\/wp-content\/uploads\/2025\/04\/museos_cat.jpg\" class=\"attachment-full size-full wp-image-12233\" alt=\"\" srcset=\"https:\/\/www.museosdemequinenza.com\/wp-content\/uploads\/2025\/04\/museos_cat.jpg 438w, https:\/\/www.museosdemequinenza.com\/wp-content\/uploads\/2025\/04\/museos_cat-216x300.jpg 216w, https:\/\/www.museosdemequinenza.com\/wp-content\/uploads\/2025\/04\/museos_cat-9x12.jpg 9w\" sizes=\"(max-width: 438px) 100vw, 438px\" \/><\/a><\/figure><div class=\"elementor-image-box-content\"><h3 class=\"elementor-image-box-title\"><a href=\"https:\/\/www.museosdemequinenza.com\/wp-content\/uploads\/2025\/04\/Museus-de-Mequinensa_cat.pdf\" target=\"_blank\">Museus de Mequinensa<\/a><\/h3><p class=\"elementor-image-box-description\">CAT Un viatge \u00fanic a trav\u00e9s de la mineria, la hist\u00f2ria, el patrimoni submergit i el llegat literari de Jes\u00fas Moncada, revelant un poble ple d'hist\u00f2ries i paisatges sorprenents.<\/p><\/div><\/div>\t\t\t\t<\/div>\n\t\t\t\t<\/div>\n\t\t\t\t<div class=\"elementor-element elementor-element-f2c6e0b elementor-widget elementor-widget-spacer\" data-id=\"f2c6e0b\" data-element_type=\"widget\" data-e-type=\"widget\" data-widget_type=\"spacer.default\">\n\t\t\t\t<div class=\"elementor-widget-container\">\n\t\t\t\t\t\t\t<div class=\"elementor-spacer\">\n\t\t\t<div class=\"elementor-spacer-inner\"><\/div>\n\t\t<\/div>\n\t\t\t\t\t\t<\/div>\n\t\t\t\t<\/div>\n\t\t\t\t\t<\/div>\n\t\t<\/div>\n\t\t\t\t\t<\/div>\n\t\t<\/section>\n\t\t\t\t<section class=\"elementor-section elementor-top-section elementor-element elementor-element-cc90bf5 elementor-section-boxed elementor-section-height-default elementor-section-height-default\" data-id=\"cc90bf5\" data-element_type=\"section\" data-e-type=\"section\">\n\t\t\t\t\t\t<div class=\"elementor-container elementor-column-gap-default\">\n\t\t\t\t\t<div class=\"elementor-column elementor-col-100 elementor-top-column elementor-element elementor-element-eefce3f\" data-id=\"eefce3f\" data-element_type=\"column\" data-e-type=\"column\">\n\t\t\t<div class=\"elementor-widget-wrap elementor-element-populated\">\n\t\t\t\t\t\t<div class=\"elementor-element elementor-element-b7fca32 elementor-widget elementor-widget-heading\" data-id=\"b7fca32\" data-element_type=\"widget\" data-e-type=\"widget\" data-widget_type=\"heading.default\">\n\t\t\t\t<div class=\"elementor-widget-container\">\n\t\t\t\t\t<h1 class=\"elementor-heading-title elementor-size-default\">Poble Vell de Mequinensa<\/h1>\t\t\t\t<\/div>\n\t\t\t\t<\/div>\n\t\t\t\t\t<\/div>\n\t\t<\/div>\n\t\t\t\t\t<\/div>\n\t\t<\/section>\n\t\t\t\t<section class=\"elementor-section elementor-top-section elementor-element elementor-element-be6c138 elementor-section-boxed elementor-section-height-default elementor-section-height-default\" data-id=\"be6c138\" data-element_type=\"section\" data-e-type=\"section\">\n\t\t\t\t\t\t<div class=\"elementor-container elementor-column-gap-default\">\n\t\t\t\t\t<div class=\"elementor-column elementor-col-100 elementor-top-column elementor-element elementor-element-1897aeb\" data-id=\"1897aeb\" data-element_type=\"column\" data-e-type=\"column\">\n\t\t\t<div class=\"elementor-widget-wrap elementor-element-populated\">\n\t\t\t\t\t\t<div class=\"elementor-element elementor-element-24bb5d0 elementor-position-left elementor-vertical-align-top elementor-widget elementor-widget-image-box\" data-id=\"24bb5d0\" data-element_type=\"widget\" data-e-type=\"widget\" data-widget_type=\"image-box.default\">\n\t\t\t\t<div class=\"elementor-widget-container\">\n\t\t\t\t\t<div class=\"elementor-image-box-wrapper\"><figure class=\"elementor-image-box-img\"><a href=\"https:\/\/www.museosdemequinenza.com\/wp-content\/uploads\/2025\/04\/Pueblo-Viejo-esp-web.pdf\" target=\"_blank\" tabindex=\"-1\"><img loading=\"lazy\" decoding=\"async\" width=\"407\" height=\"760\" src=\"https:\/\/www.museosdemequinenza.com\/wp-content\/uploads\/2025\/04\/pueblo-viejo_esp-407x760.jpg\" class=\"attachment-column1-2\/3 size-column1-2\/3 wp-image-12244\" alt=\"\" srcset=\"https:\/\/www.museosdemequinenza.com\/wp-content\/uploads\/2025\/04\/pueblo-viejo_esp-407x760.jpg 407w, https:\/\/www.museosdemequinenza.com\/wp-content\/uploads\/2025\/04\/pueblo-viejo_esp-6x12.jpg 6w\" sizes=\"(max-width: 407px) 100vw, 407px\" \/><\/a><\/figure><div class=\"elementor-image-box-content\"><h3 class=\"elementor-image-box-title\"><a href=\"https:\/\/www.museosdemequinenza.com\/wp-content\/uploads\/2025\/04\/Pueblo-Viejo-esp-web.pdf\" target=\"_blank\">Poble Vell de Mequinensa<\/a><\/h3><p class=\"elementor-image-box-description\">ESP El Pueblo Viejo de Mequinenza, sumergido por las aguas del r\u00edo Ebro, guarda en sus ruinas un testimonio del pasado, donde las historias de su gente y su patrimonio resuenan en cada rinc\u00f3n.<\/p><\/div><\/div>\t\t\t\t<\/div>\n\t\t\t\t<\/div>\n\t\t\t\t\t<\/div>\n\t\t<\/div>\n\t\t\t\t\t<\/div>\n\t\t<\/section>\n\t\t\t\t<section class=\"elementor-section elementor-top-section elementor-element elementor-element-d53a1fd elementor-section-boxed elementor-section-height-default elementor-section-height-default\" data-id=\"d53a1fd\" data-element_type=\"section\" data-e-type=\"section\">\n\t\t\t\t\t\t<div class=\"elementor-container elementor-column-gap-default\">\n\t\t\t\t\t<div class=\"elementor-column elementor-col-100 elementor-top-column elementor-element elementor-element-9c146cb\" data-id=\"9c146cb\" data-element_type=\"column\" data-e-type=\"column\">\n\t\t\t<div class=\"elementor-widget-wrap elementor-element-populated\">\n\t\t\t\t\t\t<div class=\"elementor-element elementor-element-568b583 elementor-position-left elementor-vertical-align-top elementor-widget elementor-widget-image-box\" data-id=\"568b583\" data-element_type=\"widget\" data-e-type=\"widget\" data-widget_type=\"image-box.default\">\n\t\t\t\t<div class=\"elementor-widget-container\">\n\t\t\t\t\t<div class=\"elementor-image-box-wrapper\"><figure class=\"elementor-image-box-img\"><a href=\"https:\/\/www.museosdemequinenza.com\/wp-content\/uploads\/2025\/04\/Pueblo-Viejo-esp-web.pdf\" target=\"_blank\" tabindex=\"-1\"><img loading=\"lazy\" decoding=\"async\" width=\"278\" height=\"611\" src=\"https:\/\/www.museosdemequinenza.com\/wp-content\/uploads\/2025\/04\/poble-vell_cat.jpg\" class=\"attachment-column1-2\/3 size-column1-2\/3 wp-image-12245\" alt=\"\" srcset=\"https:\/\/www.museosdemequinenza.com\/wp-content\/uploads\/2025\/04\/poble-vell_cat.jpg 278w, https:\/\/www.museosdemequinenza.com\/wp-content\/uploads\/2025\/04\/poble-vell_cat-136x300.jpg 136w, https:\/\/www.museosdemequinenza.com\/wp-content\/uploads\/2025\/04\/poble-vell_cat-5x12.jpg 5w\" sizes=\"(max-width: 278px) 100vw, 278px\" \/><\/a><\/figure><div class=\"elementor-image-box-content\"><h3 class=\"elementor-image-box-title\"><a href=\"https:\/\/www.museosdemequinenza.com\/wp-content\/uploads\/2025\/04\/Pueblo-Viejo-esp-web.pdf\" target=\"_blank\">Poble Vell de Mequinensa<\/a><\/h3><p class=\"elementor-image-box-description\">CAT El Poble Vell de Mequinensa, submergit per les aig\u00fces del riu Ebre, guarda en les seves ru\u00efnes un testimoni del passat, on les hist\u00f2ries de la seva gent i el seu patrimoni ressonen en cada rac\u00f3.<\/p><\/div><\/div>\t\t\t\t<\/div>\n\t\t\t\t<\/div>\n\t\t\t\t<div class=\"elementor-element elementor-element-6ac2710 elementor-widget elementor-widget-spacer\" data-id=\"6ac2710\" data-element_type=\"widget\" data-e-type=\"widget\" data-widget_type=\"spacer.default\">\n\t\t\t\t<div class=\"elementor-widget-container\">\n\t\t\t\t\t\t\t<div class=\"elementor-spacer\">\n\t\t\t<div class=\"elementor-spacer-inner\"><\/div>\n\t\t<\/div>\n\t\t\t\t\t\t<\/div>\n\t\t\t\t<\/div>\n\t\t\t\t\t<\/div>\n\t\t<\/div>\n\t\t\t\t\t<\/div>\n\t\t<\/section>\n\t\t\t\t<\/div>","protected":false},"excerpt":{"rendered":"<p>Mequinenza Plano tur\u00edstico de Mequinenza ESP | CAT | ENG Mequinenza es un aut\u00e9ntico crisol de historia, naturaleza y culturas. D\u00e9jate seducir por su confluencia, por sus paisajes o por su naturaleza que te sorprender\u00e1n con m\u00faltiples experiencias. Museos de Mequinenza Museos de Mequinenza ESP Un viaje \u00fanico a trav\u00e9s de la miner\u00eda, la historia,<\/p>\n<p><a href=\"http:\/\/www.museosdemequinenza.com\/ca\/folletos-turisticos\/\" class=\"more-link themebutton\">Read More<\/a><\/p>","protected":false},"author":1,"featured_media":12220,"parent":0,"menu_order":0,"comment_status":"closed","ping_status":"closed","template":"","meta":{"_monsterinsights_skip_tracking":false,"_monsterinsights_sitenote_active":false,"_monsterinsights_sitenote_note":"","_monsterinsights_sitenote_category":0,"footnotes":""},"class_list":["post-12219","page","type-page","status-publish","has-post-thumbnail","hentry"],"aioseo_notices":[],"_links":{"self":[{"href":"http:\/\/www.museosdemequinenza.com\/ca\/wp-json\/wp\/v2\/pages\/12219","targetHints":{"allow":["GET"]}}],"collection":[{"href":"http:\/\/www.museosdemequinenza.com\/ca\/wp-json\/wp\/v2\/pages"}],"about":[{"href":"http:\/\/www.museosdemequinenza.com\/ca\/wp-json\/wp\/v2\/types\/page"}],"author":[{"embeddable":true,"href":"http:\/\/www.museosdemequinenza.com\/ca\/wp-json\/wp\/v2\/users\/1"}],"replies":[{"embeddable":true,"href":"http:\/\/www.museosdemequinenza.com\/ca\/wp-json\/wp\/v2\/comments?post=12219"}],"version-history":[{"count":22,"href":"http:\/\/www.museosdemequinenza.com\/ca\/wp-json\/wp\/v2\/pages\/12219\/revisions"}],"predecessor-version":[{"id":12321,"href":"http:\/\/www.museosdemequinenza.com\/ca\/wp-json\/wp\/v2\/pages\/12219\/revisions\/12321"}],"wp:featuredmedia":[{"embeddable":true,"href":"http:\/\/www.museosdemequinenza.com\/ca\/wp-json\/wp\/v2\/media\/12220"}],"wp:attachment":[{"href":"http:\/\/www.museosdemequinenza.com\/ca\/wp-json\/wp\/v2\/media?parent=12219"}],"curies":[{"name":"wp","href":"https:\/\/api.w.org\/{rel}","templated":true}]}}